{"id":467,"date":"2024-08-20T10:26:53","date_gmt":"2024-08-20T10:26:53","guid":{"rendered":"https:\/\/steelspain.com\/cases-prefabricades-dacer\/"},"modified":"2025-10-14T12:45:09","modified_gmt":"2025-10-14T12:45:09","slug":"cases-prefabricades-dacer","status":"publish","type":"page","link":"https:\/\/steelspain.com\/ca\/cases-prefabricades-dacer\/","title":{"rendered":"Cases prefabricades d&#8217;acer"},"content":{"rendered":"<section class=\"l-section wpb_row us_custom_ae99f6aa has_text_color height_medium full_height valign_center width_custom with_img\" style=\"--site-content-width:850px;\"><div class=\"l-section-img\" role=\"img\" aria-label=\"Cases prefabricades d&#039;acer\" data-img-width=\"1200\" data-img-height=\"904\" style=\"background-image: url(https:\/\/steelspain.com\/wp-content\/uploads\/2024\/08\/30489.jpg);\"><\/div><div class=\"l-section-overlay\" style=\"background:rgba(0,0,0,0.62)\"><\/div><div class=\"l-section-h i-cf\"><div class=\"g-cols vc_row via_grid cols_1 laptops-cols_inherit tablets-cols_inherit mobiles-cols_1 valign_middle type_default stacking_default\"><div class=\"wpb_column vc_column_container us_custom_8f7b07a9 us_animate_this\"><div class=\"vc_column-inner\"><div class=\"wpb_text_column us_custom_6df4bc3a has_text_color\"><div class=\"wpb_wrapper\"><h1 style=\"text-align: center;\"><strong><span style=\"color: #32beeb;\">Cases prefabricades<\/span> d&#8217;acer<\/strong><\/h1>\n<\/div><\/div><div class=\"wpb_text_column us_custom_b530f8eb has_text_color\"><div class=\"wpb_wrapper\"><p style=\"text-align: center;\"><span>Construcci\u00f3 d&#8217;habitatges prefabricats<\/span><\/p>\n<\/div><\/div><div class=\"w-text us_custom_2de48f52 has_text_color icon_atleft\"><span class=\"w-text-h\"><i class=\"material-icons\">check<\/i><span class=\"w-text-value\">Especialistes en acer<\/span><\/span><\/div><div class=\"w-separator size_small\"><\/div><div class=\"wpb_text_column us_custom_6df4bc3a has_text_color\"><div class=\"wpb_wrapper\"><p style=\"text-align: center;\"><span style=\"font-weight: 400;\">Som especialistes en la construcci\u00f3 de <\/span><span style=\"color: #32beeb;\"><b>cases prefabricades d&#8217;acer<\/b><\/span><span style=\"font-weight: 400;\">. Constru\u00efm la teva casa de manera modular i sostenible, amb un alt grau de personalitzaci\u00f3, perqu\u00e8 tinguis la casa dels teus somnis en el menor temps possible. T&#8217;interessa? Sol\u00b7licita informaci\u00f3 o pressupost sense comprom\u00eds.<\/span><\/p>\n<\/div><\/div><\/div><\/div><\/div><\/div><\/section><section class=\"l-section wpb_row height_medium\" id=\"section-01\"><div class=\"l-section-h i-cf\"><div class=\"g-cols vc_row via_grid cols_1 laptops-cols_inherit tablets-cols_inherit mobiles-cols_1 valign_top type_default stacking_default\"><div class=\"wpb_column vc_column_container us_custom_de366d1c us_animate_this\"><div class=\"vc_column-inner\"><div class=\"w-hwrapper valign_middle align_center\" style=\"--hwrapper-gap:0.5rem\"><div class=\"w-iconbox iconpos_top style_default color_primary align_center no_text no_title\"><div class=\"w-iconbox-icon\" style=\"font-size:1.5rem;\"><i class=\"fas fa-star\"><\/i><\/div><div class=\"w-iconbox-meta\"><\/div><\/div><div class=\"w-iconbox iconpos_top style_default color_primary align_center no_text no_title\"><div class=\"w-iconbox-icon\" style=\"font-size:1.5rem;\"><i class=\"fas fa-star\"><\/i><\/div><div class=\"w-iconbox-meta\"><\/div><\/div><div class=\"w-iconbox iconpos_top style_default color_primary align_center no_text no_title\"><div class=\"w-iconbox-icon\" style=\"font-size:1.5rem;\"><i class=\"fas fa-star\"><\/i><\/div><div class=\"w-iconbox-meta\"><\/div><\/div><div class=\"w-iconbox iconpos_top style_default color_primary align_center no_text no_title\"><div class=\"w-iconbox-icon\" style=\"font-size:1.5rem;\"><i class=\"fas fa-star\"><\/i><\/div><div class=\"w-iconbox-meta\"><\/div><\/div><div class=\"w-iconbox iconpos_top style_default color_primary align_center no_text no_title\"><div class=\"w-iconbox-icon\" style=\"font-size:1.5rem;\"><i class=\"fas fa-star\"><\/i><\/div><div class=\"w-iconbox-meta\"><\/div><\/div><\/div><div class=\"w-separator size_small\"><\/div><div class=\"w-vwrapper us_custom_db98bc72 align_center valign_top\" style=\"--vwrapper-gap:0rem\"><div class=\"w-text us_custom_0259209c has_text_color\"><span class=\"w-text-h\"><span class=\"w-text-value\">EXPERTS EN PROJECTES<\/span><\/span><\/div><div class=\"w-text us_custom_fc1dc638 has_text_color\"><span class=\"w-text-h\"><span class=\"w-text-value\">DE CASES PREFABRICADES<\/span><\/span><\/div><\/div><div class=\"w-separator size_small\"><\/div><div class=\"wpb_text_column\"><div class=\"wpb_wrapper\"><p style=\"text-align: center;\"><span style=\"font-weight: 400;\">Les <span style=\"color: #32beeb;\"><strong>cases prefabricades <\/strong><\/span>suposen una forma \u00e0gil, r\u00e0pida i accessible de tenir un habitatge. L&#8217;acer \u00e9s un material de resist\u00e8ncia excepcional i ecol\u00f2gic , cada vegada m\u00e9s utilitzat en el sector de la construcci\u00f3. En estar fabricades d&#8217;acer, t&#8217;assegures una <span style=\"color: #32beeb;\"><strong>estructura resistent i duradora<\/strong><\/span>, per a una major tranquil\u00b7litat durant molts anys. <\/span><\/p>\n<\/div><\/div><div class=\"w-separator size_small with_line width_50 thick_2 style_solid color_border align_center\"><div class=\"w-separator-h\"><\/div><\/div><div class=\"w-separator size_small\"><\/div><div class=\"g-cols wpb_row via_grid cols_4 laptops-cols_inherit tablets-cols_inherit mobiles-cols_1 valign_top type_default\" style=\"--columns-gap:6vh;\"><div class=\"wpb_column vc_column_container\"><div class=\"vc_column-inner\"><div class=\"w-iconbox us_custom_b711f4da iconpos_top style_default color_primary align_center no_text\"><div class=\"w-iconbox-icon\" style=\"font-size:3rem;\"><i class=\"fas fa-thermometer-half\"><\/i><\/div><div class=\"w-iconbox-meta\"><div class=\"w-iconbox-title\"><strong>Instal\u00b7laci\u00f3 eficient<\/strong><\/div><\/div><\/div><\/div><\/div><div class=\"wpb_column vc_column_container\"><div class=\"vc_column-inner\"><div class=\"w-iconbox us_custom_4af52cd7 iconpos_top style_default color_primary align_center no_text\"><div class=\"w-iconbox-icon\" style=\"font-size:3rem;\"><i class=\"material-icons\">design_services<\/i><\/div><div class=\"w-iconbox-meta\"><div class=\"w-iconbox-title\"><strong>Flexibilitat de disseny<\/strong><\/div><\/div><\/div><\/div><\/div><div class=\"wpb_column vc_column_container\"><div class=\"vc_column-inner\"><div class=\"w-iconbox us_custom_4af52cd7 iconpos_top style_default color_primary align_center no_text\"><div class=\"w-iconbox-icon\" style=\"font-size:3rem;\"><i class=\"fas fa-calendar-check\"><\/i><\/div><div class=\"w-iconbox-meta\"><div class=\"w-iconbox-title\"><strong>Rapidesa de construcci\u00f3<\/strong><\/div><\/div><\/div><\/div><\/div><div class=\"wpb_column vc_column_container\"><div class=\"vc_column-inner\"><div class=\"w-iconbox us_custom_4af52cd7 iconpos_top style_default color_primary align_center no_text\"><div class=\"w-iconbox-icon\" style=\"font-size:3rem;\"><i class=\"material-icons\">euro<\/i><\/div><div class=\"w-iconbox-meta\"><div class=\"w-iconbox-title\"><strong>Estalvi d&apos;energia<\/strong><\/div><\/div><\/div><\/div><\/div><\/div><\/div><\/div><\/div><\/div><\/section><section class=\"l-section wpb_row height_huge width_custom color_primary with_img\" style=\"--site-content-width:880px;\"><div class=\"l-section-img\" role=\"img\" aria-label=\"Cases prefabricades d&#039;acer\" data-img-width=\"1200\" data-img-height=\"800\" style=\"background-image: url(https:\/\/steelspain.com\/wp-content\/uploads\/2024\/08\/2849.jpg);\"><\/div><div class=\"l-section-overlay\" style=\"background:linear-gradient(180deg,rgba(0,0,0,0.2),rgba(0,0,0,0.90))\"><\/div><div class=\"l-section-h i-cf\"><div class=\"g-cols vc_row via_grid cols_1 laptops-cols_inherit tablets-cols_inherit mobiles-cols_1 valign_top type_default stacking_default\"><div class=\"wpb_column vc_column_container us_custom_8f7b07a9 us_animate_this\"><div class=\"vc_column-inner\"><div class=\"wpb_text_column us_custom_1efd1c53\"><div class=\"wpb_wrapper\"><p style=\"text-align: center;\"><strong><span style=\"color: #32beeb;\">Sol\u00b7licita informaci\u00f3<\/span> o pressupost per al teu projecte<\/strong><\/p>\n<\/div><\/div><div class=\"w-separator size_small\"><\/div><div class=\"wpb_text_column\"><div class=\"wpb_wrapper\"><p style=\"text-align: center;\"><span style=\"font-weight: 400;\">Contacta amb nosaltres per rebre m\u00e9s informaci\u00f3 i\/o pressupost sobre les nostres <span style=\"color: #32beeb;\"><strong>cases modulars d&#8217;acer\u00a0<\/strong><\/span>sense comprom\u00eds. Aposta per aquesta nova forma de construir cases prefabricades i ecol\u00f2giques. <\/span><\/p>\n<\/div><\/div><div class=\"w-separator size_medium\"><\/div><div class=\"w-btn-wrapper align_center\"><a class=\"w-btn us-btn-style_1 icon_atright\" href=\"https:\/\/steelspain.com\/ca\/contacte\/\"><span class=\"w-btn-label\">Parlem?<\/span><i class=\"fas fa-arrow-right\"><\/i><\/a><\/div><\/div><\/div><\/div><\/div><\/section><section class=\"l-section wpb_row us_custom_de366d1c us_animate_this height_medium\" id=\"about\"><div class=\"l-section-h i-cf\"><div class=\"g-cols vc_row via_grid cols_1-2 laptops-cols_inherit tablets-cols_1 mobiles-cols_1 valign_top type_default stacking_default\" style=\"--columns-gap:8vh;\"><div class=\"wpb_column vc_column_container us_custom_f2edd6ae has_bg_color\"><div class=\"vc_column-inner\"><\/div><\/div><div class=\"wpb_column vc_column_container\"><div class=\"vc_column-inner\"><div class=\"wpb_text_column\"><div class=\"wpb_wrapper\"><h2><strong>Per qu\u00e8 triar una <span style=\"color: #32beeb;\">casa prefabricada d&#8217;acer?<\/span><\/strong><\/h2>\n<p><span style=\"font-weight: 400;\">A l&#8217;hora de triar una <span style=\"color: #32beeb;\"><strong>casa modular o prefabricada<\/strong><\/span>, \u00e9s habitual tenir dubtes sobre el material o tipus de construcci\u00f3 a triar. A la nostra empresa estem especialitzats en cases d&#8217;acer modulars, una soluci\u00f3 sostenible i ecol\u00f2gica, pensada per al futur. Els seus avantatges s\u00f3n nombrosos. <\/span><\/p>\n<ul>\n<li style=\"font-weight: 400;\" aria-level=\"1\"><b>Cases modulars resistents<\/b><span style=\"font-weight: 400;\">: l&#8217;acer \u00e9s un material que ofereix una resist\u00e8ncia a la humitat, al foc, a les termites i fins i tot als terratr\u00e8mols, la corrosi\u00f3 o les tempestes. \u00c9s una soluci\u00f3 pr\u00e0ctica, duradora i segura.<\/span><\/li>\n<li style=\"font-weight: 400;\" aria-level=\"1\"><b>Termini d&#8217;execuci\u00f3 r\u00e0pid<\/b><span style=\"font-weight: 400;\">: en tractar-se d&#8217;una casa modular d&#8217;acer, els temps de lliurament es redueixen en gran mesura, fent que puguis tenir la casa dels teus somnis abans del que imagines.<\/span><\/li>\n<li style=\"font-weight: 400;\" aria-level=\"1\"><b>Construcci\u00f3 d&#8217;alta qualitat<\/b><span style=\"font-weight: 400;\">: l&#8217;acer \u00e9s un material d&#8217;una qualitat excepcional, per la qual cosa t&#8217;assegures un habitatge premium i sense problemes.<\/span><\/li>\n<li style=\"font-weight: 400;\" aria-level=\"1\"><b>Menys desaprofitament respecte a altres tipus de construccions<\/b><span style=\"font-weight: 400;\">: la mat\u00e8ria primera que es necessita per construir els perfils d&#8217;acer \u00e9s menor a la que fa falta amb els m\u00e8todes tradicionals de construcci\u00f3 com la fusta o el formig\u00f3. Aix\u00f2 redueix els residus generats, la qual cosa \u00e9s molt bo per al planeta.<\/span><\/li>\n<li style=\"font-weight: 400;\" aria-level=\"1\"><b>Respectu\u00f3s amb el medi ambient:<\/b><span style=\"font-weight: 400;\"> l&#8217;acer no \u00e9s un material nociu i est\u00e0 lliure d&#8217;efectes toxicol\u00f2gics i al\u00b7l\u00e8rgics. A m\u00e9s, tota la casa prefabricada d&#8217;acer \u00e9s reciclable, sent una opci\u00f3 sostenible i respectuosa amb el planeta.<\/span><\/li>\n<\/ul>\n<\/div><\/div><\/div><\/div><\/div><\/div><\/section><section class=\"l-section wpb_row height_huge width_custom color_secondary with_img\" style=\"--site-content-width:900px;\"><div class=\"l-section-img\" role=\"img\" aria-label=\"Cases prefabricades d&#039;acer\" data-img-width=\"1200\" data-img-height=\"800\" style=\"background-image: url(https:\/\/steelspain.com\/wp-content\/uploads\/2024\/08\/3705.jpg);\"><\/div><div class=\"l-section-overlay\" style=\"background:rgba(0,0,0,0.65)\"><\/div><div class=\"l-section-h i-cf\"><div class=\"g-cols vc_row via_grid cols_1 laptops-cols_inherit tablets-cols_inherit mobiles-cols_1 valign_top type_default stacking_default\"><div class=\"wpb_column vc_column_container us_custom_8f7b07a9 us_animate_this\"><div class=\"vc_column-inner\"><div class=\"wpb_text_column\"><div class=\"wpb_wrapper\"><h3 style=\"text-align: center;\"><strong>Cases modulars d&#8217;acer, <span style=\"color: #32beeb;\">la nova tend\u00e8ncia en temps de sostenibilitat <\/span> <\/strong><\/h3>\n<p style=\"text-align: center;\"><span style=\"font-weight: 400;\">A la nostra constructora ens dediquem a la <span style=\"color: #32beeb;\"><strong>construcci\u00f3 de cases d&#8217;acer modulars i sostenibles <\/strong><\/span>, perqu\u00e8 la puguis personalitzar com desitgis. Podr\u00e0s triar entre diferents l\u00ednies de disseny i acabats. Treballarem junts, colze a colze, per ajudar-te a tenir la casa amb la qual sempre vas somiar. <\/span><\/p>\n<p style=\"text-align: center;\"><span style=\"font-weight: 400;\">En ser modular podr\u00e0s dissenyar completament el teu <span style=\"color: #32beeb;\"><strong>habitatge ecol\u00f2gic<\/strong><\/span>, gr\u00e0cies a les nostres m\u00faltiples solucions. \u00c9s una forma de tenir una casa prefabricada i al mateix temps personalitzada, amb la immediatesa que no podries tenir amb els m\u00e8todes tradicionals de construcci\u00f3. \u00c9s una gran inversi\u00f3 per al present i el futur. <\/span><\/p>\n<\/div><\/div><\/div><\/div><\/div><\/div><\/section><section class=\"l-section wpb_row height_medium\"><div class=\"l-section-h i-cf\"><div class=\"g-cols vc_row via_grid cols_2 laptops-cols_inherit tablets-cols_inherit mobiles-cols_1 valign_middle type_default stacking_default\" style=\"--columns-gap:0rem;\"><div class=\"wpb_column vc_column_container us_custom_db3263f9 us_animate_this has_bg_color\"><div class=\"vc_column-inner\"><div class=\"wpb_text_column\"><div class=\"wpb_wrapper\"><h3><strong>Cases prefabricades d&#8217;acer sostenibles, <\/strong><span style=\"color: #32beeb;\"><br \/>\n<strong>sol\u00b7licita informaci\u00f3 o pressupost <\/strong><br \/>\n<\/span><\/h3>\n<p><span style=\"font-weight: 400;\">Les <span style=\"color: #32beeb;\"><strong>cases prefabricades d&#8217;acer\u00a0<\/strong><\/span>estan en auge. Cada vegada s\u00f3n m\u00e9s els clients que les trien per als seus habitatges, per tots els seus avantatges. En ser modulars i prefabricades, gaudeixes de nombrosos beneficis: <\/span><\/p>\n<ul>\n<li style=\"font-weight: 400;\" aria-level=\"1\"><span style=\"font-weight: 400;\">Personalitza la casa d&#8217;acer com vulguis, triant els m\u00f2duls que desitgis.<\/span><\/li>\n<li style=\"font-weight: 400;\" aria-level=\"1\"><span style=\"font-weight: 400;\">Aposta per una soluci\u00f3 duradora, ecol\u00f2gica i sostenible. <\/span><\/li>\n<li style=\"font-weight: 400;\" aria-level=\"1\"><span style=\"font-weight: 400;\">La teva casa amb temps de lliurament r\u00e8cord perqu\u00e8 la gaudeixis de seguida.<\/span><\/li>\n<li style=\"font-weight: 400;\" aria-level=\"1\"><span style=\"font-weight: 400;\">De la m\u00e0 del millor equip de professionals.<\/span><\/li>\n<\/ul>\n<\/div><\/div><\/div><\/div><div class=\"wpb_column vc_column_container\"><div class=\"vc_column-inner\"><div class=\"w-image us_custom_de366d1c us_animate_this has_ratio align_none\"><div class=\"w-image-h\"><div style=\"padding-bottom:150%\"><\/div><img decoding=\"async\" width=\"1024\" height=\"683\" src=\"https:\/\/steelspain.com\/wp-content\/uploads\/2024\/08\/2849-1024x683.jpg\" class=\"attachment-large size-large\" alt=\"Cases prefabricades d&#039;acer\" loading=\"lazy\" \/><\/div><\/div><\/div><\/div><\/div><\/div><\/section><section class=\"l-section wpb_row us_custom_c70c97eb height_medium\"><div class=\"l-section-h i-cf\"><div class=\"g-cols vc_row via_grid cols_1 laptops-cols_inherit tablets-cols_inherit mobiles-cols_1 valign_middle type_default stacking_default\"><div class=\"wpb_column vc_column_container us_custom_5dd34eb7 us_animate_this\"><div class=\"vc_column-inner\"><div class=\"wpb_text_column us_custom_1efd1c53\"><div class=\"wpb_wrapper\"><p style=\"text-align: center;\">Necessites els nostres serveis?<br \/>\n<strong><span style=\"color: var(--color-content-link);\">Parlem<\/span> I T&#8217;Ajudarem Amb El Teu Projecte<\/strong><\/p>\n<\/div><\/div><div class=\"wpb_text_column us_custom_eb849559\"><div class=\"wpb_wrapper\"><p>Contacta amb el nostre equip de professionals, sense cap tipus de comprom\u00eds.<\/p>\n<\/div><\/div><div class=\"w-separator size_small\"><\/div><div class=\"w-btn-wrapper align_center\"><a class=\"w-btn us-btn-style_1\" href=\"https:\/\/steelspain.com\/ca\/contacte\/\"><span class=\"w-btn-label\">Contacta&apos;ns<\/span><\/a><\/div><div class=\"w-separator size_medium\"><\/div><\/div><\/div><\/div><\/div><\/section>\n","protected":false},"excerpt":{"rendered":"Cases prefabricades d&#8217;acer Construcci\u00f3 d&#8217;habitatges prefabricats checkEspecialistes en acerSom especialistes en la construcci\u00f3 de cases prefabricades d&#8217;acer. Constru\u00efm la teva casa de manera modular i sostenible, amb un alt grau de personalitzaci\u00f3, perqu\u00e8 tinguis la casa dels teus somnis en el menor temps possible. T&#8217;interessa? Sol\u00b7licita informaci\u00f3 o pressupost sense comprom\u00eds. EXPERTS EN PROJECTESDE CASES...","protected":false},"author":1,"featured_media":0,"parent":0,"menu_order":0,"comment_status":"closed","ping_status":"closed","template":"","meta":{"_joinchat":[],"footnotes":""},"class_list":["post-467","page","type-page","status-publish","hentry"],"yoast_head":"<!-- This site is optimized with the Yoast SEO plugin v26.8 - https:\/\/yoast.com\/product\/yoast-seo-wordpress\/ -->\n<title>Cases Prefabricades d&#039;Acer i Cases Modulars | Steel Frame Espanya<\/title>\n<meta name=\"description\" content=\"Construcci\u00f3 industrialitzada de cases prefabricades modernes i cases modulars d&#039;acer i formig\u00f3. Optimitzaci\u00f3 del temps i costos. Espanya\" \/>\n<meta name=\"robots\" content=\"index, follow, max-snippet:-1, max-image-preview:large, max-video-preview:-1\" \/>\n<link rel=\"canonical\" href=\"https:\/\/steelspain.com\/ca\/cases-prefabricades-dacer\/\" \/>\n<meta property=\"og:locale\" content=\"ca_ES\" \/>\n<meta property=\"og:type\" content=\"article\" \/>\n<meta property=\"og:title\" content=\"Cases Prefabricades d&#039;Acer i Cases Modulars | Steel Frame Espanya\" \/>\n<meta property=\"og:description\" content=\"Construcci\u00f3 industrialitzada de cases prefabricades modernes i cases modulars d&#039;acer i formig\u00f3. Optimitzaci\u00f3 del temps i costos. Espanya\" \/>\n<meta property=\"og:url\" content=\"https:\/\/steelspain.com\/ca\/cases-prefabricades-dacer\/\" \/>\n<meta property=\"og:site_name\" content=\"Steel Spain\" \/>\n<meta property=\"article:modified_time\" content=\"2025-10-14T12:45:09+00:00\" \/>\n<meta property=\"og:image\" content=\"https:\/\/steelspain.com\/wp-content\/uploads\/2024\/08\/30842.jpg\" \/>\n\t<meta property=\"og:image:width\" content=\"1200\" \/>\n\t<meta property=\"og:image:height\" content=\"904\" \/>\n\t<meta property=\"og:image:type\" content=\"image\/jpeg\" \/>\n<meta name=\"twitter:card\" content=\"summary_large_image\" \/>\n<meta name=\"twitter:label1\" content=\"Temps estimat de lectura\" \/>\n\t<meta name=\"twitter:data1\" content=\"9 minuts\" \/>\n<script type=\"application\/ld+json\" class=\"yoast-schema-graph\">{\"@context\":\"https:\/\/schema.org\",\"@graph\":[{\"@type\":\"WebPage\",\"@id\":\"https:\/\/steelspain.com\/ca\/cases-prefabricades-dacer\/\",\"url\":\"https:\/\/steelspain.com\/ca\/cases-prefabricades-dacer\/\",\"name\":\"Cases Prefabricades d'Acer i Cases Modulars | Steel Frame Espanya\",\"isPartOf\":{\"@id\":\"https:\/\/steelspain.com\/ca\/#website\"},\"datePublished\":\"2024-08-20T10:26:53+00:00\",\"dateModified\":\"2025-10-14T12:45:09+00:00\",\"description\":\"Construcci\u00f3 industrialitzada de cases prefabricades modernes i cases modulars d'acer i formig\u00f3. Optimitzaci\u00f3 del temps i costos. Espanya\",\"breadcrumb\":{\"@id\":\"https:\/\/steelspain.com\/ca\/cases-prefabricades-dacer\/#breadcrumb\"},\"inLanguage\":\"ca\",\"potentialAction\":[{\"@type\":\"ReadAction\",\"target\":[\"https:\/\/steelspain.com\/ca\/cases-prefabricades-dacer\/\"]}]},{\"@type\":\"BreadcrumbList\",\"@id\":\"https:\/\/steelspain.com\/ca\/cases-prefabricades-dacer\/#breadcrumb\",\"itemListElement\":[{\"@type\":\"ListItem\",\"position\":1,\"name\":\"Portada\",\"item\":\"https:\/\/steelspain.com\/ca\/\"},{\"@type\":\"ListItem\",\"position\":2,\"name\":\"Cases prefabricades d&#8217;acer\"}]},{\"@type\":\"WebSite\",\"@id\":\"https:\/\/steelspain.com\/ca\/#website\",\"url\":\"https:\/\/steelspain.com\/ca\/\",\"name\":\"Steel Spain\",\"description\":\"Construcci\u00f3n steel framing\",\"publisher\":{\"@id\":\"https:\/\/steelspain.com\/ca\/#organization\"},\"alternateName\":\"Steel Framing\",\"potentialAction\":[{\"@type\":\"SearchAction\",\"target\":{\"@type\":\"EntryPoint\",\"urlTemplate\":\"https:\/\/steelspain.com\/ca\/?s={search_term_string}\"},\"query-input\":{\"@type\":\"PropertyValueSpecification\",\"valueRequired\":true,\"valueName\":\"search_term_string\"}}],\"inLanguage\":\"ca\"},{\"@type\":[\"Organization\",\"Place\",\"LocalBusiness\"],\"@id\":\"https:\/\/steelspain.com\/ca\/#organization\",\"name\":\"Steel Spain\",\"alternateName\":\"Steel Framing\",\"url\":\"https:\/\/steelspain.com\/ca\/\",\"logo\":{\"@id\":\"https:\/\/steelspain.com\/ca\/cases-prefabricades-dacer\/#local-main-organization-logo\"},\"image\":{\"@id\":\"https:\/\/steelspain.com\/ca\/cases-prefabricades-dacer\/#local-main-organization-logo\"},\"address\":{\"@id\":\"https:\/\/steelspain.com\/ca\/cases-prefabricades-dacer\/#local-main-place-address\"},\"geo\":{\"@type\":\"GeoCoordinates\",\"latitude\":\"41.40399770\",\"longitude\":\"2.13678240\"},\"telephone\":[\"+34 691 29 99 81\"],\"contactPoint\":{\"@type\":\"ContactPoint\",\"telephone\":\"+34 691 29 99 81\",\"email\":\"info@steelspain.com\"},\"openingHoursSpecification\":{\"@type\":\"OpeningHoursSpecification\",\"dayOfWeek\":[\"Monday\",\"Tuesday\",\"Wednesday\",\"Thursday\",\"Friday\",\"Saturday\",\"Sunday\"],\"opens\":\"00:00\",\"closes\":\"23:59\"},\"email\":\"info@steelspain.com\",\"areaServed\":\"Barcelona\"},{\"@type\":\"PostalAddress\",\"@id\":\"https:\/\/steelspain.com\/ca\/cases-prefabricades-dacer\/#local-main-place-address\",\"streetAddress\":\"C\/ de Muntaner, 506\",\"addressLocality\":\"Barcelona\",\"postalCode\":\"08022\",\"addressRegion\":\"Barcelona\",\"addressCountry\":\"ES\"},{\"@type\":\"ImageObject\",\"inLanguage\":\"ca\",\"@id\":\"https:\/\/steelspain.com\/ca\/cases-prefabricades-dacer\/#local-main-organization-logo\",\"url\":\"https:\/\/steelspain.com\/wp-content\/uploads\/2024\/08\/Logo-Steel-Spain-2.png\",\"contentUrl\":\"https:\/\/steelspain.com\/wp-content\/uploads\/2024\/08\/Logo-Steel-Spain-2.png\",\"width\":546,\"height\":504,\"caption\":\"Steel Spain\"}]}<\/script>\n<meta name=\"geo.placename\" content=\"Barcelona\" \/>\n<meta name=\"geo.position\" content=\"41.40399770;2.13678240\" \/>\n<meta name=\"geo.region\" content=\"Espanya\" \/>\n<!-- \/ Yoast SEO plugin. -->","yoast_head_json":{"title":"Cases Prefabricades d'Acer i Cases Modulars | Steel Frame Espanya","description":"Construcci\u00f3 industrialitzada de cases prefabricades modernes i cases modulars d'acer i formig\u00f3. Optimitzaci\u00f3 del temps i costos. Espanya","robots":{"index":"index","follow":"follow","max-snippet":"max-snippet:-1","max-image-preview":"max-image-preview:large","max-video-preview":"max-video-preview:-1"},"canonical":"https:\/\/steelspain.com\/ca\/cases-prefabricades-dacer\/","og_locale":"ca_ES","og_type":"article","og_title":"Cases Prefabricades d'Acer i Cases Modulars | Steel Frame Espanya","og_description":"Construcci\u00f3 industrialitzada de cases prefabricades modernes i cases modulars d'acer i formig\u00f3. Optimitzaci\u00f3 del temps i costos. Espanya","og_url":"https:\/\/steelspain.com\/ca\/cases-prefabricades-dacer\/","og_site_name":"Steel Spain","article_modified_time":"2025-10-14T12:45:09+00:00","og_image":[{"width":1200,"height":904,"url":"https:\/\/steelspain.com\/wp-content\/uploads\/2024\/08\/30842.jpg","type":"image\/jpeg"}],"twitter_card":"summary_large_image","twitter_misc":{"Temps estimat de lectura":"9 minuts"},"schema":{"@context":"https:\/\/schema.org","@graph":[{"@type":"WebPage","@id":"https:\/\/steelspain.com\/ca\/cases-prefabricades-dacer\/","url":"https:\/\/steelspain.com\/ca\/cases-prefabricades-dacer\/","name":"Cases Prefabricades d'Acer i Cases Modulars | Steel Frame Espanya","isPartOf":{"@id":"https:\/\/steelspain.com\/ca\/#website"},"datePublished":"2024-08-20T10:26:53+00:00","dateModified":"2025-10-14T12:45:09+00:00","description":"Construcci\u00f3 industrialitzada de cases prefabricades modernes i cases modulars d'acer i formig\u00f3. Optimitzaci\u00f3 del temps i costos. Espanya","breadcrumb":{"@id":"https:\/\/steelspain.com\/ca\/cases-prefabricades-dacer\/#breadcrumb"},"inLanguage":"ca","potentialAction":[{"@type":"ReadAction","target":["https:\/\/steelspain.com\/ca\/cases-prefabricades-dacer\/"]}]},{"@type":"BreadcrumbList","@id":"https:\/\/steelspain.com\/ca\/cases-prefabricades-dacer\/#breadcrumb","itemListElement":[{"@type":"ListItem","position":1,"name":"Portada","item":"https:\/\/steelspain.com\/ca\/"},{"@type":"ListItem","position":2,"name":"Cases prefabricades d&#8217;acer"}]},{"@type":"WebSite","@id":"https:\/\/steelspain.com\/ca\/#website","url":"https:\/\/steelspain.com\/ca\/","name":"Steel Spain","description":"Construcci\u00f3n steel framing","publisher":{"@id":"https:\/\/steelspain.com\/ca\/#organization"},"alternateName":"Steel Framing","potentialAction":[{"@type":"SearchAction","target":{"@type":"EntryPoint","urlTemplate":"https:\/\/steelspain.com\/ca\/?s={search_term_string}"},"query-input":{"@type":"PropertyValueSpecification","valueRequired":true,"valueName":"search_term_string"}}],"inLanguage":"ca"},{"@type":["Organization","Place","LocalBusiness"],"@id":"https:\/\/steelspain.com\/ca\/#organization","name":"Steel Spain","alternateName":"Steel Framing","url":"https:\/\/steelspain.com\/ca\/","logo":{"@id":"https:\/\/steelspain.com\/ca\/cases-prefabricades-dacer\/#local-main-organization-logo"},"image":{"@id":"https:\/\/steelspain.com\/ca\/cases-prefabricades-dacer\/#local-main-organization-logo"},"address":{"@id":"https:\/\/steelspain.com\/ca\/cases-prefabricades-dacer\/#local-main-place-address"},"geo":{"@type":"GeoCoordinates","latitude":"41.40399770","longitude":"2.13678240"},"telephone":["+34 691 29 99 81"],"contactPoint":{"@type":"ContactPoint","telephone":"+34 691 29 99 81","email":"info@steelspain.com"},"openingHoursSpecification":{"@type":"OpeningHoursSpecification","dayOfWeek":["Monday","Tuesday","Wednesday","Thursday","Friday","Saturday","Sunday"],"opens":"00:00","closes":"23:59"},"email":"info@steelspain.com","areaServed":"Barcelona"},{"@type":"PostalAddress","@id":"https:\/\/steelspain.com\/ca\/cases-prefabricades-dacer\/#local-main-place-address","streetAddress":"C\/ de Muntaner, 506","addressLocality":"Barcelona","postalCode":"08022","addressRegion":"Barcelona","addressCountry":"ES"},{"@type":"ImageObject","inLanguage":"ca","@id":"https:\/\/steelspain.com\/ca\/cases-prefabricades-dacer\/#local-main-organization-logo","url":"https:\/\/steelspain.com\/wp-content\/uploads\/2024\/08\/Logo-Steel-Spain-2.png","contentUrl":"https:\/\/steelspain.com\/wp-content\/uploads\/2024\/08\/Logo-Steel-Spain-2.png","width":546,"height":504,"caption":"Steel Spain"}]},"geo.placename":"Barcelona","geo.position":{"lat":"41.40399770","long":"2.13678240"},"geo.region":"Espanya"},"_links":{"self":[{"href":"https:\/\/steelspain.com\/ca\/wp-json\/wp\/v2\/pages\/467","targetHints":{"allow":["GET"]}}],"collection":[{"href":"https:\/\/steelspain.com\/ca\/wp-json\/wp\/v2\/pages"}],"about":[{"href":"https:\/\/steelspain.com\/ca\/wp-json\/wp\/v2\/types\/page"}],"author":[{"embeddable":true,"href":"https:\/\/steelspain.com\/ca\/wp-json\/wp\/v2\/users\/1"}],"replies":[{"embeddable":true,"href":"https:\/\/steelspain.com\/ca\/wp-json\/wp\/v2\/comments?post=467"}],"version-history":[{"count":4,"href":"https:\/\/steelspain.com\/ca\/wp-json\/wp\/v2\/pages\/467\/revisions"}],"predecessor-version":[{"id":614,"href":"https:\/\/steelspain.com\/ca\/wp-json\/wp\/v2\/pages\/467\/revisions\/614"}],"wp:attachment":[{"href":"https:\/\/steelspain.com\/ca\/wp-json\/wp\/v2\/media?parent=467"}],"curies":[{"name":"wp","href":"https:\/\/api.w.org\/{rel}","templated":true}]}}