{"id":499,"date":"2024-08-20T15:25:14","date_gmt":"2024-08-20T15:25:14","guid":{"rendered":"https:\/\/steelspain.com\/cases-prefabricades-a-catalunya\/"},"modified":"2026-01-22T20:33:42","modified_gmt":"2026-01-22T20:33:42","slug":"cases-prefabricades-a-catalunya","status":"publish","type":"page","link":"https:\/\/steelspain.com\/ca\/cases-prefabricades\/catalunya\/","title":{"rendered":"Cases prefabricades Catalunya"},"content":{"rendered":"<section class=\"l-section wpb_row us_custom_ae99f6aa has_text_color height_medium full_height valign_center width_custom with_img\" style=\"--site-content-width:850px;\"><div class=\"l-section-img\" role=\"img\" aria-label=\"Cases prefabricades a Catalunya\" data-img-width=\"1200\" data-img-height=\"857\" style=\"background-image: url(https:\/\/steelspain.com\/wp-content\/uploads\/2024\/08\/2150498619.jpg);\"><\/div><div class=\"l-section-overlay\" style=\"background:rgba(0,0,0,0.62)\"><\/div><div class=\"l-section-h i-cf\"><div class=\"g-cols vc_row via_grid cols_1 laptops-cols_inherit tablets-cols_inherit mobiles-cols_1 valign_middle type_default stacking_default\"><div class=\"wpb_column vc_column_container us_custom_8f7b07a9 us_animate_this\"><div class=\"vc_column-inner\"><div class=\"wpb_text_column us_custom_6df4bc3a has_text_color\"><div class=\"wpb_wrapper\"><h1 style=\"text-align: center;\"><strong><span style=\"color: #32beeb;\">Cases prefabricades<\/span> a Catalunya<\/strong><\/h1>\n<\/div><\/div><div class=\"wpb_text_column us_custom_b530f8eb has_text_color\"><div class=\"wpb_wrapper\"><p style=\"text-align: center;\"><span>Construcci\u00f3 d&#8217;habitatges prefabricats<\/span><\/p>\n<\/div><\/div><div class=\"w-text us_custom_2de48f52 has_text_color icon_atleft\"><span class=\"w-text-h\"><i class=\"material-icons\">check<\/i><span class=\"w-text-value\">Especialistes en acer<\/span><\/span><\/div><div class=\"w-separator size_small\"><\/div><div class=\"wpb_text_column us_custom_6df4bc3a has_text_color\"><div class=\"wpb_wrapper\"><p style=\"text-align: center;\"><span style=\"font-weight: 400;\">Les cases prefabricades s\u00f3n una soluci\u00f3 cada cop m\u00e9s sol\u00b7licitada pels clients que volen tenir un habitatge llest per entrar-hi a viure. A la nostra empresa estem especialitzats en construir <\/span><span style=\"color: #32beeb;\"><b>cases prefabricades a Catalunya<\/b><\/span><span style=\"font-weight: 400;\">. <\/span><span style=\"font-weight: 400;\">Tenim el millor equip de professionals i t&#8217;ajudem a tenir la casa modular dels teus somnis. Si t&#8217;interessa, pots demanar ara m\u00e9s informaci\u00f3 o un pressupost a mida.<\/span><\/p>\n<\/div><\/div><\/div><\/div><\/div><\/div><\/section><section class=\"l-section wpb_row height_medium\" id=\"section-01\"><div class=\"l-section-h i-cf\"><div class=\"g-cols vc_row via_grid cols_1 laptops-cols_inherit tablets-cols_inherit mobiles-cols_1 valign_top type_default stacking_default\"><div class=\"wpb_column vc_column_container us_custom_de366d1c us_animate_this\"><div class=\"vc_column-inner\"><div class=\"w-hwrapper valign_middle align_center\" style=\"--hwrapper-gap:0.5rem\"><div class=\"w-iconbox iconpos_top style_default color_primary align_center no_text no_title\"><div class=\"w-iconbox-icon\" style=\"font-size:1.5rem;\"><i class=\"fas fa-star\"><\/i><\/div><div class=\"w-iconbox-meta\"><\/div><\/div><div class=\"w-iconbox iconpos_top style_default color_primary align_center no_text no_title\"><div class=\"w-iconbox-icon\" style=\"font-size:1.5rem;\"><i class=\"fas fa-star\"><\/i><\/div><div class=\"w-iconbox-meta\"><\/div><\/div><div class=\"w-iconbox iconpos_top style_default color_primary align_center no_text no_title\"><div class=\"w-iconbox-icon\" style=\"font-size:1.5rem;\"><i class=\"fas fa-star\"><\/i><\/div><div class=\"w-iconbox-meta\"><\/div><\/div><div class=\"w-iconbox iconpos_top style_default color_primary align_center no_text no_title\"><div class=\"w-iconbox-icon\" style=\"font-size:1.5rem;\"><i class=\"fas fa-star\"><\/i><\/div><div class=\"w-iconbox-meta\"><\/div><\/div><div class=\"w-iconbox iconpos_top style_default color_primary align_center no_text no_title\"><div class=\"w-iconbox-icon\" style=\"font-size:1.5rem;\"><i class=\"fas fa-star\"><\/i><\/div><div class=\"w-iconbox-meta\"><\/div><\/div><\/div><div class=\"w-separator size_small\"><\/div><div class=\"w-vwrapper us_custom_db98bc72 align_center valign_top\" style=\"--vwrapper-gap:0rem\"><div class=\"w-text us_custom_0259209c has_text_color\"><span class=\"w-text-h\"><span class=\"w-text-value\">EXPERTS EN PROJECTES<\/span><\/span><\/div><div class=\"w-text us_custom_fc1dc638 has_text_color\"><span class=\"w-text-h\"><span class=\"w-text-value\">DE CASES PREFABRICADES<\/span><\/span><\/div><\/div><div class=\"w-separator size_small\"><\/div><div class=\"wpb_text_column\"><div class=\"wpb_wrapper\"><p style=\"text-align: center;\"><span style=\"font-weight: 400;\">Les <span style=\"color: #32beeb;\"><strong>cases modulars d&#8217;acer <\/strong><\/span>destaquen per la seva gran resist\u00e8ncia, durabilitat i segell ecol\u00f2gic. \u00c9s un tipus de construcci\u00f3 que comen\u00e7a a demanar-se a Espanya i que ja pots gaudir a Catalunya, per a la construcci\u00f3 de la teva propera vivenda. <\/span><\/p>\n<p style=\"text-align: center;\"><span style=\"font-weight: 400;\">Si est\u00e0s buscant una empresa constructora especialitzada en <span style=\"color: #32beeb;\"><strong>cases prefabricades a Catalunya<\/strong><\/span>, no dubtis a posar-te en contacte amb nosaltres. Constru\u00efm la teva casa modular en temps r\u00e8cord i amb la millor relaci\u00f3 qualitat-preu. <\/span><\/p>\n<\/div><\/div><div class=\"w-separator size_small with_line width_50 thick_2 style_solid color_border align_center\"><div class=\"w-separator-h\"><\/div><\/div><div class=\"w-separator size_small\"><\/div><div class=\"g-cols wpb_row via_grid cols_4 laptops-cols_inherit tablets-cols_inherit mobiles-cols_1 valign_top type_default\" style=\"--columns-gap:6vh;\"><div class=\"wpb_column vc_column_container\"><div class=\"vc_column-inner\"><div class=\"w-iconbox us_custom_b711f4da iconpos_top style_default color_primary align_center no_text\"><div class=\"w-iconbox-icon\" style=\"font-size:3rem;\"><i class=\"fas fa-thermometer-half\"><\/i><\/div><div class=\"w-iconbox-meta\"><div class=\"w-iconbox-title\"><strong>Instal\u00b7laci\u00f3 eficient<\/strong><\/div><\/div><\/div><\/div><\/div><div class=\"wpb_column vc_column_container\"><div class=\"vc_column-inner\"><div class=\"w-iconbox us_custom_4af52cd7 iconpos_top style_default color_primary align_center no_text\"><div class=\"w-iconbox-icon\" style=\"font-size:3rem;\"><i class=\"material-icons\">design_services<\/i><\/div><div class=\"w-iconbox-meta\"><div class=\"w-iconbox-title\"><strong>Flexibilitat de disseny<\/strong><\/div><\/div><\/div><\/div><\/div><div class=\"wpb_column vc_column_container\"><div class=\"vc_column-inner\"><div class=\"w-iconbox us_custom_4af52cd7 iconpos_top style_default color_primary align_center no_text\"><div class=\"w-iconbox-icon\" style=\"font-size:3rem;\"><i class=\"fas fa-calendar-check\"><\/i><\/div><div class=\"w-iconbox-meta\"><div class=\"w-iconbox-title\"><strong>Rapidesa de construcci\u00f3<\/strong><\/div><\/div><\/div><\/div><\/div><div class=\"wpb_column vc_column_container\"><div class=\"vc_column-inner\"><div class=\"w-iconbox us_custom_4af52cd7 iconpos_top style_default color_primary align_center no_text\"><div class=\"w-iconbox-icon\" style=\"font-size:3rem;\"><i class=\"material-icons\">euro<\/i><\/div><div class=\"w-iconbox-meta\"><div class=\"w-iconbox-title\"><strong>Estalvi d&#8217;energia<\/strong><\/div><\/div><\/div><\/div><\/div><\/div><\/div><\/div><\/div><\/div><\/section><section class=\"l-section wpb_row height_huge width_custom color_primary with_img\" style=\"--site-content-width:880px;\"><div class=\"l-section-img\" role=\"img\" aria-label=\"Cases prefabricades a Catalunya\" data-img-width=\"1200\" data-img-height=\"801\" style=\"background-image: url(https:\/\/steelspain.com\/wp-content\/uploads\/2024\/08\/3923.jpg);\"><\/div><div class=\"l-section-overlay\" style=\"background:linear-gradient(180deg,rgba(0,0,0,0.2),rgba(0,0,0,0.90))\"><\/div><div class=\"l-section-h i-cf\"><div class=\"g-cols vc_row via_grid cols_1 laptops-cols_inherit tablets-cols_inherit mobiles-cols_1 valign_top type_default stacking_default\"><div class=\"wpb_column vc_column_container us_custom_8f7b07a9 us_animate_this\"><div class=\"vc_column-inner\"><div class=\"wpb_text_column us_custom_1efd1c53\"><div class=\"wpb_wrapper\"><p style=\"text-align: center;\"><strong><span style=\"color: #32beeb;\">Sol\u00b7licita informaci\u00f3<\/span> sense comprom\u00eds<\/strong><\/p>\n<\/div><\/div><div class=\"w-separator size_small\"><\/div><div class=\"wpb_text_column\"><div class=\"wpb_wrapper\"><p style=\"text-align: center;\">Posa&#8217;t en contacte per obtenir m\u00e9s informaci\u00f3 i un pressupost sobre les nostres <span style=\"color: #32beeb;\"><strong>cases modulars d&#8217;acer a Catalunya <\/strong><\/span>sense cap comprom\u00eds. Descobreix aquesta manera innovadora de construir cases prefabricades i ecol\u00f2giques.<\/p>\n<\/div><\/div><div class=\"w-separator size_medium\"><\/div><div class=\"w-btn-wrapper align_center\"><a class=\"w-btn us-btn-style_1 icon_atright\" href=\"https:\/\/steelspain.com\/ca\/contacte\/\"><span class=\"w-btn-label\">M\u00e9s informaci\u00f3<\/span><i class=\"fas fa-arrow-right\"><\/i><\/a><\/div><\/div><\/div><\/div><\/div><\/section><section class=\"l-section wpb_row us_custom_de366d1c us_animate_this height_medium\" id=\"about\"><div class=\"l-section-h i-cf\"><div class=\"g-cols vc_row via_grid cols_1-2 laptops-cols_inherit tablets-cols_1 mobiles-cols_1 valign_top type_default stacking_default\" style=\"--columns-gap:8vh;\"><div class=\"wpb_column vc_column_container us_custom_cfd45c81 has_bg_color\"><div class=\"vc_column-inner\"><\/div><\/div><div class=\"wpb_column vc_column_container\"><div class=\"vc_column-inner\"><div class=\"wpb_text_column\"><div class=\"wpb_wrapper\"><h2><strong>Cases d&#8217;acer<span style=\"color: #32beeb;\"> a Catalunya<\/span><\/strong><\/h2>\n<p><span style=\"font-weight: 400;\">Les <span style=\"color: #32beeb;\"><strong>cases prefabricades <\/strong><\/span>s\u00f3n una soluci\u00f3 popular per les seves nombroses avantatges. Encara que es poden fabricar en diferents materials, les d&#8217;acer sorprenen per la seva gran durabilitat i resist\u00e8ncia. \u00c9s un <span style=\"color: #32beeb;\"><strong>material ecol\u00f2gic i sostenible\u00a0<\/strong><\/span>que ofereix nombrosos beneficis per al client. <\/span><\/p>\n<p><span style=\"font-weight: 400;\">\u00c9s un sistema de construcci\u00f3 que est\u00e0 arribant a Espanya i que cada vegada m\u00e9s clients consideren per a les seves <span style=\"color: #32beeb;\"><strong>cases prefabricades a Catalunya<\/strong><\/span>, perqu\u00e8 tinguis una soluci\u00f3 per m\u00f2duls que puguis adaptar a mida sempre que ho necessitis. <\/span><\/p>\n<ul>\n<li style=\"font-weight: 400;\" aria-level=\"1\"><b>Les cases prefabricades d&#8217;acer destaquen per la seva resist\u00e8ncia<\/b><span style=\"font-weight: 400;\">: l&#8217;acer \u00e9s un material que t\u00e9 una resist\u00e8ncia excepcional, per aix\u00f2 s&#8217;utilitza en construccions pensades per durar molts anys i mantenir-se com el primer dia, ja sigui en vivendes o en ind\u00fastries. Posseeix una gran resist\u00e8ncia davant problem\u00e0tiques comunes com la humitat, el foc o les tempestes.<\/span><\/li>\n<li style=\"font-weight: 400;\" aria-level=\"1\"><b>El lliurament d&#8217;una casa prefabricada \u00e9s m\u00e9s r\u00e0pid que en una convencional<\/b><span style=\"font-weight: 400;\">: els temps de lliurament s&#8217;escurcen considerablement des de les <span style=\"color: #32beeb;\"><strong>cases modulars<\/strong><\/span> fins a les cases convencionals. Pots encarregar la casa prefabricada assemblada i gaudir-la en q\u00fcesti\u00f3 de mesos.<\/span><\/li>\n<li style=\"font-weight: 400;\" aria-level=\"1\"><b>Adaptable a tu<\/b><span style=\"font-weight: 400;\">: al tractar-se d&#8217;una <span style=\"color: #32beeb;\"><strong>casa modular<\/strong><\/span> la pots adaptar a les teves necessitats, tot aix\u00f2 amb un preu contingut respecte a una construcci\u00f3 de zero o m\u00e9s a mida.<\/span><\/li>\n<\/ul>\n<p><b>Genera menys deixalles a l&#8217;ecosistema<\/b><span style=\"font-weight: 400;\">: \u00e9s important triar construccions sostenibles i aqu\u00ed \u00e9s on les <span style=\"color: #32beeb;\"><strong>cases prefabricades<\/strong><\/span> d&#8217;acer s\u00f3n una soluci\u00f3 impecable. Generen menys residus respecte al formig\u00f3. A m\u00e9s, l&#8217;acer a part de no tenir efectes toxicol\u00f2gics i al\u00b7l\u00e8rgics, es pot reciclar.<\/span><\/p>\n<\/div><\/div><\/div><\/div><\/div><\/div><\/section><section class=\"l-section wpb_row height_huge width_custom color_secondary with_img\" style=\"--site-content-width:900px;\"><div class=\"l-section-img\" role=\"img\" aria-label=\"Cases prefabricades a Catalunya\" data-img-width=\"1200\" data-img-height=\"904\" style=\"background-image: url(https:\/\/steelspain.com\/wp-content\/uploads\/2024\/08\/30607.jpg);\"><\/div><div class=\"l-section-overlay\" style=\"background:rgba(0,0,0,0.65)\"><\/div><div class=\"l-section-h i-cf\"><div class=\"g-cols vc_row via_grid cols_1 laptops-cols_inherit tablets-cols_inherit mobiles-cols_1 valign_top type_default stacking_default\"><div class=\"wpb_column vc_column_container us_custom_8f7b07a9 us_animate_this\"><div class=\"vc_column-inner\"><div class=\"wpb_text_column\"><div class=\"wpb_wrapper\"><h2 style=\"text-align: center;\"><strong>Cases modulars <span style=\"color: #32beeb;\">a Catalunya<\/span><\/strong><\/h2>\n<p style=\"text-align: center;\"><span style=\"font-weight: 400;\">A la nostra empresa t&#8217;esperen les millors\u00a0<span style=\"color: #32beeb;\"><strong>cases prefabricades a Catalunya<\/strong><\/span>. Solucions per m\u00f2duls perqu\u00e8 adaptis en funci\u00f3 de les teves necessitats, perqu\u00e8 tinguis una casa per entrar a viure abans del que t&#8217;imagines. <\/span><\/p>\n<p style=\"text-align: center;\"><span style=\"font-weight: 400;\">Gr\u00e0cies a la seva estructura assemblada prefabricada, s&#8217;han acabat les llargues esperes i els llargs transports. Tot el proc\u00e9s es torna m\u00e9s \u00e0gil, la qual cosa facilita molt les coses i suposa una tranquil\u00b7litat per a qui busca una construcci\u00f3 m\u00e9s amigable. <\/span><\/p>\n<p style=\"text-align: center;\"><span style=\"font-weight: 400;\">\u00c9s r\u00e0pid, segur, sostenible i posseeix molts avantatges. \u00c9s la construcci\u00f3 del futur i ara la pots triar per al teu projecte. <\/span><\/p>\n<\/div><\/div><\/div><\/div><\/div><\/div><\/section><section class=\"l-section wpb_row height_medium\"><div class=\"l-section-h i-cf\"><div class=\"g-cols vc_row via_grid cols_2 laptops-cols_inherit tablets-cols_inherit mobiles-cols_1 valign_middle type_default stacking_default\" style=\"--columns-gap:0rem;\"><div class=\"wpb_column vc_column_container us_custom_db3263f9 us_animate_this has_bg_color\"><div class=\"vc_column-inner\"><div class=\"wpb_text_column\"><div class=\"wpb_wrapper\"><h3><strong>Sol\u00b7licita informaci\u00f3 per a la teva <\/strong><span style=\"color: #32beeb;\"><br \/>\n<strong>casa prefabricada a Catalunya<\/strong><br \/>\n<\/span><\/h3>\n<p><span style=\"font-weight: 400;\">Si est\u00e0s interessat a obtenir m\u00e9s informaci\u00f3 o <span style=\"color: #32beeb;\"><strong>construir una casa prefabricada d&#8217;acer a Catalunya<\/strong><\/span>, que s\u00e0pigues que estem a la teva entera disposici\u00f3.<\/span><\/p>\n<ul>\n<li style=\"font-weight: 400;\" aria-level=\"1\"><span style=\"font-weight: 400;\">Som experts en\u00a0<span style=\"color: #32beeb;\"><strong>cases prefabricades d&#8217;acer<\/strong><\/span>.<\/span><\/li>\n<li style=\"font-weight: 400;\" aria-level=\"1\"><span style=\"font-weight: 400;\">La lliurem r\u00e0pidament, perqu\u00e8 la gaudeixis el m\u00e9s aviat possible. <\/span><\/li>\n<li style=\"font-weight: 400;\" aria-level=\"1\"><span style=\"font-weight: 400;\">A la nostra empresa treballa el millor equip de professionals, per a un resultat impecable.<\/span><\/li>\n<li style=\"font-weight: 400;\" aria-level=\"1\"><span style=\"font-weight: 400;\">Assessorem el client des del plantejament del projecte fins a la seva execuci\u00f3. Estem sempre al teu costat. <\/span><\/li>\n<li style=\"font-weight: 400;\" aria-level=\"1\"><span style=\"font-weight: 400;\">Amb la millor relaci\u00f3 qualitat-preu del mercat.<\/span><\/li>\n<\/ul>\n<\/div><\/div><\/div><\/div><div class=\"wpb_column vc_column_container\"><div class=\"vc_column-inner\"><div class=\"w-image us_custom_de366d1c us_animate_this has_ratio align_none\"><div class=\"w-image-h\"><div style=\"padding-bottom:150%\"><\/div><img decoding=\"async\" width=\"1024\" height=\"683\" src=\"https:\/\/steelspain.com\/wp-content\/uploads\/2024\/08\/2149173333-1024x683.jpg\" class=\"attachment-large size-large\" alt=\"Casas prefabricadas en Catalu\u00f1a\" loading=\"lazy\" \/><\/div><\/div><\/div><\/div><\/div><\/div><\/section><section class=\"l-section wpb_row us_custom_c70c97eb height_medium\"><div class=\"l-section-h i-cf\"><div class=\"g-cols vc_row via_grid cols_1 laptops-cols_inherit tablets-cols_inherit mobiles-cols_1 valign_middle type_default stacking_default\"><div class=\"wpb_column vc_column_container us_custom_5dd34eb7 us_animate_this\"><div class=\"vc_column-inner\"><div class=\"wpb_text_column us_custom_1efd1c53\"><div class=\"wpb_wrapper\"><p style=\"text-align: center;\">Necessites els nostres serveis?<br \/>\n<strong><span style=\"color: var(--color-content-link);\">Parlem<\/span> I T&#8217;Ajudarem Amb El Teu Projecte<\/strong><\/p>\n<\/div><\/div><div class=\"wpb_text_column us_custom_eb849559\"><div class=\"wpb_wrapper\"><p>Contacta amb el nostre equip de professionals, sense cap tipus de comprom\u00eds.<\/p>\n<\/div><\/div><div class=\"w-separator size_small\"><\/div><div class=\"w-btn-wrapper align_center\"><a class=\"w-btn us-btn-style_1\" href=\"https:\/\/steelspain.com\/ca\/contacte\/\"><span class=\"w-btn-label\">Contacta&#8217;ns<\/span><\/a><\/div><div class=\"w-separator size_medium\"><\/div><\/div><\/div><\/div><\/div><\/section>\n","protected":false},"excerpt":{"rendered":"Cases prefabricades a Catalunya Construcci\u00f3 d&#8217;habitatges prefabricats checkEspecialistes en acerLes cases prefabricades s\u00f3n una soluci\u00f3 cada cop m\u00e9s sol\u00b7licitada pels clients que volen tenir un habitatge llest per entrar-hi a viure. A la nostra empresa estem especialitzats en construir cases prefabricades a Catalunya. Tenim el millor equip de professionals i t&#8217;ajudem a tenir la casa...","protected":false},"author":1,"featured_media":0,"parent":0,"menu_order":0,"comment_status":"closed","ping_status":"closed","template":"","meta":{"_joinchat":[],"footnotes":""},"class_list":["post-499","page","type-page","status-publish","hentry"],"yoast_head":"<!-- This site is optimized with the Yoast SEO plugin v26.8 - https:\/\/yoast.com\/product\/yoast-seo-wordpress\/ -->\n<title>Cases Prefabricades Catalunya | Steel Framing<\/title>\n<meta name=\"description\" content=\"Cases prefabricades d\u00b4acer a Catalunya amb alta efici\u00e8ncia energ\u00e8tica. Solucions modulars eficients, duradores i personalitzades. Pressupost gratu\u00eft.\" \/>\n<meta name=\"robots\" content=\"index, follow, max-snippet:-1, max-image-preview:large, max-video-preview:-1\" \/>\n<link rel=\"canonical\" href=\"https:\/\/steelspain.com\/ca\/cases-prefabricades\/catalunya\/\" \/>\n<meta property=\"og:locale\" content=\"ca_ES\" \/>\n<meta property=\"og:type\" content=\"article\" \/>\n<meta property=\"og:title\" content=\"Cases Prefabricades Catalunya | Steel Framing\" \/>\n<meta property=\"og:description\" content=\"Cases prefabricades d\u00b4acer a Catalunya amb alta efici\u00e8ncia energ\u00e8tica. Solucions modulars eficients, duradores i personalitzades. Pressupost gratu\u00eft.\" \/>\n<meta property=\"og:url\" content=\"https:\/\/steelspain.com\/ca\/cases-prefabricades\/catalunya\/\" \/>\n<meta property=\"og:site_name\" content=\"Steel Spain\" \/>\n<meta property=\"article:modified_time\" content=\"2026-01-22T20:33:42+00:00\" \/>\n<meta property=\"og:image\" content=\"https:\/\/steelspain.com\/wp-content\/uploads\/2024\/08\/30842.jpg\" \/>\n\t<meta property=\"og:image:width\" content=\"1200\" \/>\n\t<meta property=\"og:image:height\" content=\"904\" \/>\n\t<meta property=\"og:image:type\" content=\"image\/jpeg\" \/>\n<meta name=\"twitter:card\" content=\"summary_large_image\" \/>\n<meta name=\"twitter:label1\" content=\"Temps estimat de lectura\" \/>\n\t<meta name=\"twitter:data1\" content=\"4 minuts\" \/>\n<script type=\"application\/ld+json\" class=\"yoast-schema-graph\">{\"@context\":\"https:\/\/schema.org\",\"@graph\":[{\"@type\":\"WebPage\",\"@id\":\"https:\/\/steelspain.com\/ca\/cases-prefabricades\/catalunya\/\",\"url\":\"https:\/\/steelspain.com\/ca\/cases-prefabricades\/catalunya\/\",\"name\":\"Cases Prefabricades Catalunya | Steel Framing\",\"isPartOf\":{\"@id\":\"https:\/\/steelspain.com\/ca\/#website\"},\"datePublished\":\"2024-08-20T15:25:14+00:00\",\"dateModified\":\"2026-01-22T20:33:42+00:00\",\"description\":\"Cases prefabricades d\u00b4acer a Catalunya amb alta efici\u00e8ncia energ\u00e8tica. Solucions modulars eficients, duradores i personalitzades. Pressupost gratu\u00eft.\",\"breadcrumb\":{\"@id\":\"https:\/\/steelspain.com\/ca\/cases-prefabricades\/catalunya\/#breadcrumb\"},\"inLanguage\":\"ca\",\"potentialAction\":[{\"@type\":\"ReadAction\",\"target\":[\"https:\/\/steelspain.com\/ca\/cases-prefabricades\/catalunya\/\"]}]},{\"@type\":\"BreadcrumbList\",\"@id\":\"https:\/\/steelspain.com\/ca\/cases-prefabricades\/catalunya\/#breadcrumb\",\"itemListElement\":[{\"@type\":\"ListItem\",\"position\":1,\"name\":\"Portada\",\"item\":\"https:\/\/steelspain.com\/ca\/\"},{\"@type\":\"ListItem\",\"position\":2,\"name\":\"Cases prefabricades Catalunya\"}]},{\"@type\":\"WebSite\",\"@id\":\"https:\/\/steelspain.com\/ca\/#website\",\"url\":\"https:\/\/steelspain.com\/ca\/\",\"name\":\"Steel Spain\",\"description\":\"Construcci\u00f3n steel framing\",\"publisher\":{\"@id\":\"https:\/\/steelspain.com\/ca\/#organization\"},\"alternateName\":\"Steel Framing\",\"potentialAction\":[{\"@type\":\"SearchAction\",\"target\":{\"@type\":\"EntryPoint\",\"urlTemplate\":\"https:\/\/steelspain.com\/ca\/?s={search_term_string}\"},\"query-input\":{\"@type\":\"PropertyValueSpecification\",\"valueRequired\":true,\"valueName\":\"search_term_string\"}}],\"inLanguage\":\"ca\"},{\"@type\":[\"Organization\",\"Place\",\"LocalBusiness\"],\"@id\":\"https:\/\/steelspain.com\/ca\/#organization\",\"name\":\"Steel Spain\",\"alternateName\":\"Steel Framing\",\"url\":\"https:\/\/steelspain.com\/ca\/\",\"logo\":{\"@id\":\"https:\/\/steelspain.com\/ca\/cases-prefabricades\/catalunya\/#local-main-organization-logo\"},\"image\":{\"@id\":\"https:\/\/steelspain.com\/ca\/cases-prefabricades\/catalunya\/#local-main-organization-logo\"},\"address\":{\"@id\":\"https:\/\/steelspain.com\/ca\/cases-prefabricades\/catalunya\/#local-main-place-address\"},\"geo\":{\"@type\":\"GeoCoordinates\",\"latitude\":\"41.40399770\",\"longitude\":\"2.13678240\"},\"telephone\":[\"+34 691 29 99 81\"],\"contactPoint\":{\"@type\":\"ContactPoint\",\"telephone\":\"+34 691 29 99 81\",\"email\":\"info@steelspain.com\"},\"openingHoursSpecification\":{\"@type\":\"OpeningHoursSpecification\",\"dayOfWeek\":[\"Monday\",\"Tuesday\",\"Wednesday\",\"Thursday\",\"Friday\",\"Saturday\",\"Sunday\"],\"opens\":\"00:00\",\"closes\":\"23:59\"},\"email\":\"info@steelspain.com\",\"areaServed\":\"Barcelona\"},{\"@type\":\"PostalAddress\",\"@id\":\"https:\/\/steelspain.com\/ca\/cases-prefabricades\/catalunya\/#local-main-place-address\",\"streetAddress\":\"C\/ de Muntaner, 506\",\"addressLocality\":\"Barcelona\",\"postalCode\":\"08022\",\"addressRegion\":\"Barcelona\",\"addressCountry\":\"ES\"},{\"@type\":\"ImageObject\",\"inLanguage\":\"ca\",\"@id\":\"https:\/\/steelspain.com\/ca\/cases-prefabricades\/catalunya\/#local-main-organization-logo\",\"url\":\"https:\/\/steelspain.com\/wp-content\/uploads\/2024\/08\/Logo-Steel-Spain-2.png\",\"contentUrl\":\"https:\/\/steelspain.com\/wp-content\/uploads\/2024\/08\/Logo-Steel-Spain-2.png\",\"width\":546,\"height\":504,\"caption\":\"Steel Spain\"}]}<\/script>\n<meta name=\"geo.placename\" content=\"Barcelona\" \/>\n<meta name=\"geo.position\" content=\"41.40399770;2.13678240\" \/>\n<meta name=\"geo.region\" content=\"Espanya\" \/>\n<!-- \/ Yoast SEO plugin. -->","yoast_head_json":{"title":"Cases Prefabricades Catalunya | Steel Framing","description":"Cases prefabricades d\u00b4acer a Catalunya amb alta efici\u00e8ncia energ\u00e8tica. Solucions modulars eficients, duradores i personalitzades. Pressupost gratu\u00eft.","robots":{"index":"index","follow":"follow","max-snippet":"max-snippet:-1","max-image-preview":"max-image-preview:large","max-video-preview":"max-video-preview:-1"},"canonical":"https:\/\/steelspain.com\/ca\/cases-prefabricades\/catalunya\/","og_locale":"ca_ES","og_type":"article","og_title":"Cases Prefabricades Catalunya | Steel Framing","og_description":"Cases prefabricades d\u00b4acer a Catalunya amb alta efici\u00e8ncia energ\u00e8tica. Solucions modulars eficients, duradores i personalitzades. Pressupost gratu\u00eft.","og_url":"https:\/\/steelspain.com\/ca\/cases-prefabricades\/catalunya\/","og_site_name":"Steel Spain","article_modified_time":"2026-01-22T20:33:42+00:00","og_image":[{"width":1200,"height":904,"url":"https:\/\/steelspain.com\/wp-content\/uploads\/2024\/08\/30842.jpg","type":"image\/jpeg"}],"twitter_card":"summary_large_image","twitter_misc":{"Temps estimat de lectura":"4 minuts"},"schema":{"@context":"https:\/\/schema.org","@graph":[{"@type":"WebPage","@id":"https:\/\/steelspain.com\/ca\/cases-prefabricades\/catalunya\/","url":"https:\/\/steelspain.com\/ca\/cases-prefabricades\/catalunya\/","name":"Cases Prefabricades Catalunya | Steel Framing","isPartOf":{"@id":"https:\/\/steelspain.com\/ca\/#website"},"datePublished":"2024-08-20T15:25:14+00:00","dateModified":"2026-01-22T20:33:42+00:00","description":"Cases prefabricades d\u00b4acer a Catalunya amb alta efici\u00e8ncia energ\u00e8tica. Solucions modulars eficients, duradores i personalitzades. Pressupost gratu\u00eft.","breadcrumb":{"@id":"https:\/\/steelspain.com\/ca\/cases-prefabricades\/catalunya\/#breadcrumb"},"inLanguage":"ca","potentialAction":[{"@type":"ReadAction","target":["https:\/\/steelspain.com\/ca\/cases-prefabricades\/catalunya\/"]}]},{"@type":"BreadcrumbList","@id":"https:\/\/steelspain.com\/ca\/cases-prefabricades\/catalunya\/#breadcrumb","itemListElement":[{"@type":"ListItem","position":1,"name":"Portada","item":"https:\/\/steelspain.com\/ca\/"},{"@type":"ListItem","position":2,"name":"Cases prefabricades Catalunya"}]},{"@type":"WebSite","@id":"https:\/\/steelspain.com\/ca\/#website","url":"https:\/\/steelspain.com\/ca\/","name":"Steel Spain","description":"Construcci\u00f3n steel framing","publisher":{"@id":"https:\/\/steelspain.com\/ca\/#organization"},"alternateName":"Steel Framing","potentialAction":[{"@type":"SearchAction","target":{"@type":"EntryPoint","urlTemplate":"https:\/\/steelspain.com\/ca\/?s={search_term_string}"},"query-input":{"@type":"PropertyValueSpecification","valueRequired":true,"valueName":"search_term_string"}}],"inLanguage":"ca"},{"@type":["Organization","Place","LocalBusiness"],"@id":"https:\/\/steelspain.com\/ca\/#organization","name":"Steel Spain","alternateName":"Steel Framing","url":"https:\/\/steelspain.com\/ca\/","logo":{"@id":"https:\/\/steelspain.com\/ca\/cases-prefabricades\/catalunya\/#local-main-organization-logo"},"image":{"@id":"https:\/\/steelspain.com\/ca\/cases-prefabricades\/catalunya\/#local-main-organization-logo"},"address":{"@id":"https:\/\/steelspain.com\/ca\/cases-prefabricades\/catalunya\/#local-main-place-address"},"geo":{"@type":"GeoCoordinates","latitude":"41.40399770","longitude":"2.13678240"},"telephone":["+34 691 29 99 81"],"contactPoint":{"@type":"ContactPoint","telephone":"+34 691 29 99 81","email":"info@steelspain.com"},"openingHoursSpecification":{"@type":"OpeningHoursSpecification","dayOfWeek":["Monday","Tuesday","Wednesday","Thursday","Friday","Saturday","Sunday"],"opens":"00:00","closes":"23:59"},"email":"info@steelspain.com","areaServed":"Barcelona"},{"@type":"PostalAddress","@id":"https:\/\/steelspain.com\/ca\/cases-prefabricades\/catalunya\/#local-main-place-address","streetAddress":"C\/ de Muntaner, 506","addressLocality":"Barcelona","postalCode":"08022","addressRegion":"Barcelona","addressCountry":"ES"},{"@type":"ImageObject","inLanguage":"ca","@id":"https:\/\/steelspain.com\/ca\/cases-prefabricades\/catalunya\/#local-main-organization-logo","url":"https:\/\/steelspain.com\/wp-content\/uploads\/2024\/08\/Logo-Steel-Spain-2.png","contentUrl":"https:\/\/steelspain.com\/wp-content\/uploads\/2024\/08\/Logo-Steel-Spain-2.png","width":546,"height":504,"caption":"Steel Spain"}]},"geo.placename":"Barcelona","geo.position":{"lat":"41.40399770","long":"2.13678240"},"geo.region":"Espanya"},"_links":{"self":[{"href":"https:\/\/steelspain.com\/ca\/wp-json\/wp\/v2\/pages\/499","targetHints":{"allow":["GET"]}}],"collection":[{"href":"https:\/\/steelspain.com\/ca\/wp-json\/wp\/v2\/pages"}],"about":[{"href":"https:\/\/steelspain.com\/ca\/wp-json\/wp\/v2\/types\/page"}],"author":[{"embeddable":true,"href":"https:\/\/steelspain.com\/ca\/wp-json\/wp\/v2\/users\/1"}],"replies":[{"embeddable":true,"href":"https:\/\/steelspain.com\/ca\/wp-json\/wp\/v2\/comments?post=499"}],"version-history":[{"count":10,"href":"https:\/\/steelspain.com\/ca\/wp-json\/wp\/v2\/pages\/499\/revisions"}],"predecessor-version":[{"id":655,"href":"https:\/\/steelspain.com\/ca\/wp-json\/wp\/v2\/pages\/499\/revisions\/655"}],"wp:attachment":[{"href":"https:\/\/steelspain.com\/ca\/wp-json\/wp\/v2\/media?parent=499"}],"curies":[{"name":"wp","href":"https:\/\/api.w.org\/{rel}","templated":true}]}}