{"id":537,"date":"2025-10-06T15:02:37","date_gmt":"2025-10-06T15:02:37","guid":{"rendered":"https:\/\/steelspain.com\/cases-prefabricades-cardedeu\/"},"modified":"2026-01-22T20:43:18","modified_gmt":"2026-01-22T20:43:18","slug":"cases-prefabricades-cardedeu","status":"publish","type":"page","link":"https:\/\/steelspain.com\/ca\/cases-prefabricades\/barcelona\/cardedeu\/","title":{"rendered":"Cases prefabricades Cardedeu"},"content":{"rendered":"<section class=\"l-section wpb_row us_custom_ae99f6aa has_text_color height_medium full_height valign_center width_custom with_img\" style=\"--site-content-width:850px;\"><div class=\"l-section-img\" role=\"img\" aria-label=\"Cases prefabricades a Sant Cugat\" data-img-width=\"1200\" data-img-height=\"801\" style=\"background-image: url(https:\/\/steelspain.com\/wp-content\/uploads\/2024\/08\/1856.jpg);\"><\/div><div class=\"l-section-overlay\" style=\"background:rgba(0,0,0,0.62)\"><\/div><div class=\"l-section-h i-cf\"><div class=\"g-cols vc_row via_grid cols_1 laptops-cols_inherit tablets-cols_inherit mobiles-cols_1 valign_middle type_default stacking_default\"><div class=\"wpb_column vc_column_container us_custom_8f7b07a9 us_animate_this\"><div class=\"vc_column-inner\"><div class=\"wpb_text_column us_custom_6df4bc3a has_text_color\"><div class=\"wpb_wrapper\"><h1 style=\"text-align: center;\"><strong><span style=\"color: #32beeb;\">Cases prefabricades<\/span> a Cardedeu<\/strong><\/h1>\n<\/div><\/div><div class=\"wpb_text_column us_custom_b530f8eb has_text_color\"><div class=\"wpb_wrapper\"><p style=\"text-align: center;\"><span>Construcci\u00f3 d&#8217;habitatges prefabricats<\/span><\/p>\n<\/div><\/div><div class=\"w-text us_custom_2de48f52 has_text_color icon_atleft\"><span class=\"w-text-h\"><i class=\"material-icons\">check<\/i><span class=\"w-text-value\">Especialistes en acer<\/span><\/span><\/div><div class=\"w-separator size_small\"><\/div><div class=\"wpb_text_column us_custom_6df4bc3a has_text_color\"><div class=\"wpb_wrapper\"><p style=\"text-align: center;\"><span style=\"font-weight: 400;\">Les cases modulars s\u00f3n tend\u00e8ncia. Cada cop m\u00e9s propietaris les trien per a les seves finques, tant per a un cap de setmana com per a la seva primera vivenda, per tots els avantatges que ofereixen en acabats, qualitats i terminis. Vols una <\/span><span style=\"color: #32beeb;\"><b>casa prefabricada a Cardedeu<\/b><\/span><span style=\"font-weight: 400;\">? Aleshores ets al lloc adequat. <\/span><\/p>\n<\/div><\/div><\/div><\/div><\/div><\/div><\/section><section class=\"l-section wpb_row height_medium\" id=\"section-01\"><div class=\"l-section-h i-cf\"><div class=\"g-cols vc_row via_grid cols_1 laptops-cols_inherit tablets-cols_inherit mobiles-cols_1 valign_top type_default stacking_default\"><div class=\"wpb_column vc_column_container us_custom_de366d1c us_animate_this\"><div class=\"vc_column-inner\"><div class=\"w-hwrapper valign_middle align_center\" style=\"--hwrapper-gap:0.5rem\"><div class=\"w-iconbox iconpos_top style_default color_primary align_center no_text no_title\"><div class=\"w-iconbox-icon\" style=\"font-size:1.5rem;\"><i class=\"fas fa-star\"><\/i><\/div><div class=\"w-iconbox-meta\"><\/div><\/div><div class=\"w-iconbox iconpos_top style_default color_primary align_center no_text no_title\"><div class=\"w-iconbox-icon\" style=\"font-size:1.5rem;\"><i class=\"fas fa-star\"><\/i><\/div><div class=\"w-iconbox-meta\"><\/div><\/div><div class=\"w-iconbox iconpos_top style_default color_primary align_center no_text no_title\"><div class=\"w-iconbox-icon\" style=\"font-size:1.5rem;\"><i class=\"fas fa-star\"><\/i><\/div><div class=\"w-iconbox-meta\"><\/div><\/div><div class=\"w-iconbox iconpos_top style_default color_primary align_center no_text no_title\"><div class=\"w-iconbox-icon\" style=\"font-size:1.5rem;\"><i class=\"fas fa-star\"><\/i><\/div><div class=\"w-iconbox-meta\"><\/div><\/div><div class=\"w-iconbox iconpos_top style_default color_primary align_center no_text no_title\"><div class=\"w-iconbox-icon\" style=\"font-size:1.5rem;\"><i class=\"fas fa-star\"><\/i><\/div><div class=\"w-iconbox-meta\"><\/div><\/div><\/div><div class=\"w-separator size_small\"><\/div><div class=\"w-vwrapper us_custom_db98bc72 align_center valign_top\" style=\"--vwrapper-gap:0rem\"><div class=\"w-text us_custom_0259209c has_text_color\"><span class=\"w-text-h\"><span class=\"w-text-value\">EXPERTS EN PROJECTES<\/span><\/span><\/div><div class=\"w-text us_custom_fc1dc638 has_text_color\"><span class=\"w-text-h\"><span class=\"w-text-value\">DE CASES PREFABRICADES<\/span><\/span><\/div><\/div><div class=\"w-separator size_small\"><\/div><div class=\"wpb_text_column\"><div class=\"wpb_wrapper\"><p style=\"text-align: center;\"><span style=\"font-weight: 400;\">A la nostra empresa constructora dissenyem <span style=\"color: #32beeb;\"><strong>cases modulars d&#8217;acer<\/strong><\/span><strong>,<\/strong>\u00a0amb la m\u00e0xima qualitat i el millor preu. Nom\u00e9s ens haur\u00e0s d&#8217;indicar els m\u00b2 perqu\u00e8 et puguem mostrar totes les opcions que s&#8217;adapten al teu projecte. <\/span><\/p>\n<p style=\"text-align: center;\"><span style=\"font-weight: 400;\">Si t&#8217;interessa una <span style=\"color: #32beeb;\"><strong>casa steel framing a Cardedeu<\/strong><\/span>, no ho dubtis i deixa&#8217;t assessorar pels millors. Anys d&#8217;experi\u00e8ncia avalen la nostra feina i estarem encantats de resoldre els teus dubtes i acompanyar-te en tot el projecte. <\/span><\/p>\n<\/div><\/div><div class=\"w-separator size_small with_line width_50 thick_2 style_solid color_border align_center\"><div class=\"w-separator-h\"><\/div><\/div><div class=\"w-separator size_small\"><\/div><div class=\"g-cols wpb_row via_grid cols_4 laptops-cols_inherit tablets-cols_inherit mobiles-cols_1 valign_top type_default\" style=\"--columns-gap:6vh;\"><div class=\"wpb_column vc_column_container\"><div class=\"vc_column-inner\"><div class=\"w-iconbox us_custom_b711f4da iconpos_top style_default color_primary align_center no_text\"><div class=\"w-iconbox-icon\" style=\"font-size:3rem;\"><i class=\"fas fa-thermometer-half\"><\/i><\/div><div class=\"w-iconbox-meta\"><div class=\"w-iconbox-title\"><strong>Instal\u00b7laci\u00f3 eficient<\/strong><\/div><\/div><\/div><\/div><\/div><div class=\"wpb_column vc_column_container\"><div class=\"vc_column-inner\"><div class=\"w-iconbox us_custom_4af52cd7 iconpos_top style_default color_primary align_center no_text\"><div class=\"w-iconbox-icon\" style=\"font-size:3rem;\"><i class=\"material-icons\">design_services<\/i><\/div><div class=\"w-iconbox-meta\"><div class=\"w-iconbox-title\"><strong>Flexibilitat de disseny<\/strong><\/div><\/div><\/div><\/div><\/div><div class=\"wpb_column vc_column_container\"><div class=\"vc_column-inner\"><div class=\"w-iconbox us_custom_4af52cd7 iconpos_top style_default color_primary align_center no_text\"><div class=\"w-iconbox-icon\" style=\"font-size:3rem;\"><i class=\"fas fa-calendar-check\"><\/i><\/div><div class=\"w-iconbox-meta\"><div class=\"w-iconbox-title\"><strong>Rapidesa de construcci\u00f3<\/strong><\/div><\/div><\/div><\/div><\/div><div class=\"wpb_column vc_column_container\"><div class=\"vc_column-inner\"><div class=\"w-iconbox us_custom_4af52cd7 iconpos_top style_default color_primary align_center no_text\"><div class=\"w-iconbox-icon\" style=\"font-size:3rem;\"><i class=\"material-icons\">euro<\/i><\/div><div class=\"w-iconbox-meta\"><div class=\"w-iconbox-title\"><strong>Estalvi d&#8217;energia<\/strong><\/div><\/div><\/div><\/div><\/div><\/div><\/div><\/div><\/div><\/div><\/section><section class=\"l-section wpb_row height_huge width_custom color_primary with_img\" style=\"--site-content-width:880px;\"><div class=\"l-section-img\" role=\"img\" aria-label=\"Cases prefabricades a Sant Cugat\" data-img-width=\"1200\" data-img-height=\"800\" style=\"background-image: url(https:\/\/steelspain.com\/wp-content\/uploads\/2024\/08\/2148784098.jpg);\"><\/div><div class=\"l-section-overlay\" style=\"background:linear-gradient(180deg,rgba(0,0,0,0.2),rgba(0,0,0,0.90))\"><\/div><div class=\"l-section-h i-cf\"><div class=\"g-cols vc_row via_grid cols_1 laptops-cols_inherit tablets-cols_inherit mobiles-cols_1 valign_top type_default stacking_default\"><div class=\"wpb_column vc_column_container us_custom_8f7b07a9 us_animate_this\"><div class=\"vc_column-inner\"><div class=\"wpb_text_column us_custom_1efd1c53\"><div class=\"wpb_wrapper\"><p style=\"text-align: center;\"><strong><span style=\"color: #32beeb;\">Necessites pressupost<\/span> o m\u00e9s informaci\u00f3?<\/strong><\/p>\n<\/div><\/div><div class=\"w-separator size_small\"><\/div><div class=\"wpb_text_column\"><div class=\"wpb_wrapper\"><p style=\"text-align: center;\"><span style=\"font-weight: 400;\">No esperis m\u00e9s i sol\u00b7licita m\u00e9s informaci\u00f3 o pressupost sobre els nostres serveis. <span style=\"color: #32beeb;\"><strong>La teva casa modular a Cardedeu\u00a0<\/strong><\/span>amb la millor relaci\u00f3 qualitat-preu. <\/span><\/p>\n<\/div><\/div><div class=\"w-separator size_medium\"><\/div><div class=\"w-btn-wrapper align_center\"><a class=\"w-btn us-btn-style_1 icon_atright\" href=\"https:\/\/steelspain.com\/ca\/contacte\/\"><span class=\"w-btn-label\">Posa&#8217;t en contacte<\/span><i class=\"fas fa-arrow-right\"><\/i><\/a><\/div><\/div><\/div><\/div><\/div><\/section><section class=\"l-section wpb_row us_custom_de366d1c us_animate_this height_medium\" id=\"about\"><div class=\"l-section-h i-cf\"><div class=\"g-cols vc_row via_grid cols_1-2 laptops-cols_inherit tablets-cols_1 mobiles-cols_1 valign_top type_default stacking_default\" style=\"--columns-gap:8vh;\"><div class=\"wpb_column vc_column_container us_custom_e5ee6fac has_bg_color\"><div class=\"vc_column-inner\"><\/div><\/div><div class=\"wpb_column vc_column_container\"><div class=\"vc_column-inner\"><div class=\"w-separator size_small\"><\/div><div class=\"wpb_text_column\"><div class=\"wpb_wrapper\"><h2><strong>Cases d&#8217;acer <span style=\"color: #32beeb;\">a Cardedeu <\/span> <\/strong><\/h2>\n<p><span style=\"font-weight: 400;\">Les <span style=\"color: #32beeb;\"><strong>cases prefabricades <\/strong><\/span>s\u00f3n populars pels seus m\u00faltiples beneficis. De fet, \u00e9s un concepte que est\u00e0 experimentant un creixement exponencial. Per\u00f2 \u00e9s una soluci\u00f3 millor quan es combina amb un material amb el potencial de l&#8217;acer. Un material premium, resistent i reciclable, que resulta veritablement ecol\u00f2gic. <\/span><\/p>\n<p><span style=\"font-weight: 400;\">En temps de sostenibilitat, \u00e9s important triar materials amb qu\u00e8 cobrir les nostres necessitats mentre tenim cura del planeta. L&#8217;acer n&#8217;\u00e9s un exemple, perqu\u00e8 ho t\u00e9 tot: disseny, durabilitat, efici\u00e8ncia i garanties. <\/span><\/p>\n<p><span style=\"font-weight: 400;\">Si dubtes entre diferents materials, el steel frame \u00e9s una opci\u00f3 cada cop m\u00e9s popular i que molts ja defineixen com el sistema constructiu del segle XXI. Perqu\u00e8 el cert \u00e9s que no totes les <span style=\"color: #32beeb;\"><strong>cases prefabricades <\/strong><\/span>s\u00f3n iguals. <\/span><\/p>\n<p><strong>Per qu\u00e8 triar una <span style=\"color: #32beeb;\">casa modular d&#8217;acer<\/span>?<\/strong><\/p>\n<ul>\n<li style=\"font-weight: 400;\" aria-level=\"1\"><span style=\"font-weight: 400;\">Les <span style=\"color: #32beeb;\"><strong>cases prefabricades <\/strong><\/span>es preparen i es transporten fins a la finca del client, cosa que permet gaudir d&#8217;un habitatge a punt per entrar-hi a viure en pocs mesos.<\/span><\/li>\n<li style=\"font-weight: 400;\" aria-level=\"1\"><span style=\"font-weight: 400;\">Les <span style=\"color: #32beeb;\"><strong>cases prefabricades d&#8217;acer\u00a0<\/strong><\/span>destaquen per la seva gran resist\u00e8ncia, durabilitat i toler\u00e0ncia a problem\u00e0tiques com la corrosi\u00f3, els t\u00e8rmits o la humitat. \u00c9s un material tot terreny i de poc manteniment. <\/span><\/li>\n<li style=\"font-weight: 400;\" aria-level=\"1\"><span style=\"font-weight: 400;\">Ofereix tanta flexibilitat com t&#8217;imaginis, gr\u00e0cies al seu concepte de m\u00f2duls.<\/span><\/li>\n<li style=\"font-weight: 400;\" aria-level=\"1\"><span style=\"font-weight: 400;\">Gaireb\u00e9 no es generen residus, at\u00e8s que la mat\u00e8ria primera se selecciona acuradament a mida, cosa que \u00e9s bona per tenir cura del planeta.<\/span><\/li>\n<\/ul>\n<\/div><\/div><\/div><\/div><\/div><\/div><\/section><section class=\"l-section wpb_row height_huge width_custom color_secondary with_img\" style=\"--site-content-width:900px;\"><div class=\"l-section-img\" role=\"img\" aria-label=\"Cases prefabricades a Sant Cugat\" data-img-width=\"1200\" data-img-height=\"800\" style=\"background-image: url(https:\/\/steelspain.com\/wp-content\/uploads\/2024\/08\/1650.jpg);\"><\/div><div class=\"l-section-overlay\" style=\"background:rgba(0,0,0,0.65)\"><\/div><div class=\"l-section-h i-cf\"><div class=\"g-cols vc_row via_grid cols_1 laptops-cols_inherit tablets-cols_inherit mobiles-cols_1 valign_top type_default stacking_default\"><div class=\"wpb_column vc_column_container us_custom_8f7b07a9 us_animate_this\"><div class=\"vc_column-inner\"><div class=\"wpb_text_column\"><div class=\"wpb_wrapper\"><h2><strong>Cases modulars<span style=\"color: #32beeb;\"> a Cardedeu<\/span><\/strong><\/h2>\n<p><span style=\"font-weight: 400;\">S\u00ed. Som davant del sistema constructiu del segle XXI. Un tipus de construcci\u00f3 en auge, cada cop m\u00e9s sol\u00b7licitat pels nostres clients, per tots els seus avantatges. <\/span><\/p>\n<p><span style=\"font-weight: 400;\">Les <span style=\"color: #32beeb;\"><strong>cases prefabricades d&#8217;acer <\/strong><\/span>et permeten tenir el millor de cada opci\u00f3. Pots gaudir d&#8217;una casa per entrar a viure en q\u00fcesti\u00f3 de mesos, alhora, amb una soluci\u00f3 flexible i modulable per adaptar-la al teu gust i a les teves necessitats. <\/span><\/p>\n<p><span style=\"font-weight: 400;\">Amb el <span style=\"color: #32beeb;\"><strong>steel frame\u00a0<\/strong><\/span>gaudeixes d&#8217;importants avantatges:<\/span><\/p>\n<ul>\n<li style=\"font-weight: 400;\" aria-level=\"1\"><span style=\"font-weight: 400;\">Resist\u00e8ncia.<\/span><\/li>\n<li style=\"font-weight: 400;\" aria-level=\"1\"><span style=\"font-weight: 400;\">Menys residus.<\/span><\/li>\n<li style=\"font-weight: 400;\" aria-level=\"1\"><span style=\"font-weight: 400;\">Garanties a llarg termini.<\/span><\/li>\n<li style=\"font-weight: 400;\" aria-level=\"1\"><span style=\"font-weight: 400;\">A\u00efllament t\u00e8rmic i ac\u00fastic.<\/span><\/li>\n<li style=\"font-weight: 400;\" aria-level=\"1\"><span style=\"font-weight: 400;\">Protecci\u00f3 davant d&#8217;humitats o corrosi\u00f3.<\/span><\/li>\n<\/ul>\n<p><span style=\"font-weight: 400;\">Tot aix\u00f2 amb el potencial de l&#8217;acer, que et permet gaudir d&#8217;una casa modular m\u00e9s ecol\u00f2gica i sostenible, que t\u00e9 cura del planeta. <\/span><\/p>\n<\/div><\/div><\/div><\/div><\/div><\/div><\/section><section class=\"l-section wpb_row height_medium\"><div class=\"l-section-h i-cf\"><div class=\"g-cols vc_row via_grid cols_2 laptops-cols_inherit tablets-cols_inherit mobiles-cols_1 valign_middle type_default stacking_default\" style=\"--columns-gap:0rem;\"><div class=\"wpb_column vc_column_container us_custom_db3263f9 us_animate_this has_bg_color\"><div class=\"vc_column-inner\"><div class=\"wpb_text_column\"><div class=\"wpb_wrapper\"><h3><strong>Sol\u00b7licita pressupost per a <span style=\"color: #32beeb;\">la teva casa prefabricada a Cardedeu<\/span><\/strong><\/h3>\n<p><span style=\"font-weight: 400;\">Les <span style=\"color: #32beeb;\"><strong>cases prefabricades d&#8217;acer <\/strong><\/span>s\u00f3n la construcci\u00f3 del futur i ara en pots tenir una a Cardedeu. Nosaltres ens encarreguem de fer-ho realitat. Escoltem les teves necessitats i t&#8217;assessorarem sobre la millor opci\u00f3 per al teu projecte, perqu\u00e8 tinguis totes les teves necessitats cobertes i quedis encantat amb el resultat. <\/span><\/p>\n<ul>\n<li style=\"font-weight: 400;\" aria-level=\"1\"><span style=\"font-weight: 400;\">Som una constructora amb experi\u00e8ncia, <span style=\"color: #32beeb;\"><br \/>\n<strong>l\u00edders en cases prefabricades<\/strong><\/span>.<\/span><\/li>\n<li style=\"font-weight: 400;\" aria-level=\"1\"><span style=\"font-weight: 400;\">Estem especialitzats en el <span style=\"color: #32beeb;\"><br \/>\n<strong>sistema constructiu steel frame<\/strong><\/span>.<\/span><\/li>\n<li style=\"font-weight: 400;\" aria-level=\"1\"><span style=\"font-weight: 400;\">Assessorem i acompanyem els nostres clients al llarg de tot el projecte. <\/span><\/li>\n<li style=\"font-weight: 400;\" aria-level=\"1\"><span style=\"font-weight: 400;\">El nostre portfoli avala els nostres \u00e8xits.<\/span><\/li>\n<li style=\"font-weight: 400;\" aria-level=\"1\"><span style=\"font-weight: 400;\">Triar-nos \u00e9s sin\u00f2nim d&#8217;optar per la m\u00e0xima qualitat. <\/span><\/li>\n<\/ul>\n<\/div><\/div><\/div><\/div><div class=\"wpb_column vc_column_container\"><div class=\"vc_column-inner\"><div class=\"w-image us_custom_de366d1c us_animate_this has_ratio align_none\"><div class=\"w-image-h\"><div style=\"padding-bottom:150%\"><\/div><img decoding=\"async\" width=\"1024\" height=\"683\" src=\"https:\/\/steelspain.com\/wp-content\/uploads\/2024\/08\/9155-1024x683.jpg\" class=\"attachment-large size-large\" alt=\"Casas prefabricadas\u00a0en Sant Cugat\" loading=\"lazy\" \/><\/div><\/div><\/div><\/div><\/div><\/div><\/section><section class=\"l-section wpb_row us_custom_c70c97eb height_medium\"><div class=\"l-section-h i-cf\"><div class=\"g-cols vc_row via_grid cols_1 laptops-cols_inherit tablets-cols_inherit mobiles-cols_1 valign_middle type_default stacking_default\"><div class=\"wpb_column vc_column_container us_custom_5dd34eb7 us_animate_this\"><div class=\"vc_column-inner\"><div class=\"wpb_text_column us_custom_1efd1c53\"><div class=\"wpb_wrapper\"><p style=\"text-align: center;\">Necessites els nostres serveis?<br \/>\n<strong><span style=\"color: var(--color-content-link);\">Parlem<\/span> I T&#8217;Ajudarem Amb El Teu Projecte<\/strong><\/p>\n<\/div><\/div><div class=\"wpb_text_column us_custom_eb849559\"><div class=\"wpb_wrapper\"><p>Contacta amb el nostre equip de professionals, sense cap tipus de comprom\u00eds.<\/p>\n<\/div><\/div><div class=\"w-separator size_small\"><\/div><div class=\"w-btn-wrapper align_center\"><a class=\"w-btn us-btn-style_1\" href=\"https:\/\/steelspain.com\/ca\/contacte\/\"><span class=\"w-btn-label\">Contacta&#8217;ns<\/span><\/a><\/div><div class=\"w-separator size_medium\"><\/div><\/div><\/div><\/div><\/div><\/section>\n","protected":false},"excerpt":{"rendered":"Cases prefabricades a Cardedeu Construcci\u00f3 d&#8217;habitatges prefabricats checkEspecialistes en acerLes cases modulars s\u00f3n tend\u00e8ncia. Cada cop m\u00e9s propietaris les trien per a les seves finques, tant per a un cap de setmana com per a la seva primera vivenda, per tots els avantatges que ofereixen en acabats, qualitats i terminis. Vols una casa prefabricada a...","protected":false},"author":1,"featured_media":0,"parent":0,"menu_order":0,"comment_status":"closed","ping_status":"closed","template":"","meta":{"_joinchat":[],"footnotes":""},"class_list":["post-537","page","type-page","status-publish","hentry"],"yoast_head":"<!-- This site is optimized with the Yoast SEO plugin v26.8 - https:\/\/yoast.com\/product\/yoast-seo-wordpress\/ -->\n<title>Cases Prefabricades Cardedeu | Steel Framing<\/title>\n<meta name=\"description\" content=\"Cases prefabricades d\u00b4acer a Cardedeu amb alta efici\u00e8ncia energ\u00e8tica. Solucions modulars eficients, duradores i personalitzades. Pressupost gratu\u00eft.\" \/>\n<meta name=\"robots\" content=\"index, follow, max-snippet:-1, max-image-preview:large, max-video-preview:-1\" \/>\n<link rel=\"canonical\" href=\"https:\/\/steelspain.com\/ca\/cases-prefabricades\/barcelona\/cardedeu\/\" \/>\n<meta property=\"og:locale\" content=\"ca_ES\" \/>\n<meta property=\"og:type\" content=\"article\" \/>\n<meta property=\"og:title\" content=\"Cases Prefabricades Cardedeu | Steel Framing\" \/>\n<meta property=\"og:description\" content=\"Cases prefabricades d\u00b4acer a Cardedeu amb alta efici\u00e8ncia energ\u00e8tica. Solucions modulars eficients, duradores i personalitzades. Pressupost gratu\u00eft.\" \/>\n<meta property=\"og:url\" content=\"https:\/\/steelspain.com\/ca\/cases-prefabricades\/barcelona\/cardedeu\/\" \/>\n<meta property=\"og:site_name\" content=\"Steel Spain\" \/>\n<meta property=\"article:modified_time\" content=\"2026-01-22T20:43:18+00:00\" \/>\n<meta property=\"og:image\" content=\"https:\/\/steelspain.com\/wp-content\/uploads\/2024\/08\/30842.jpg\" \/>\n\t<meta property=\"og:image:width\" content=\"1200\" \/>\n\t<meta property=\"og:image:height\" content=\"904\" \/>\n\t<meta property=\"og:image:type\" content=\"image\/jpeg\" \/>\n<meta name=\"twitter:card\" content=\"summary_large_image\" \/>\n<meta name=\"twitter:label1\" content=\"Temps estimat de lectura\" \/>\n\t<meta name=\"twitter:data1\" content=\"4 minuts\" \/>\n<script type=\"application\/ld+json\" class=\"yoast-schema-graph\">{\"@context\":\"https:\/\/schema.org\",\"@graph\":[{\"@type\":\"WebPage\",\"@id\":\"https:\/\/steelspain.com\/ca\/cases-prefabricades\/barcelona\/cardedeu\/\",\"url\":\"https:\/\/steelspain.com\/ca\/cases-prefabricades\/barcelona\/cardedeu\/\",\"name\":\"Cases Prefabricades Cardedeu | Steel Framing\",\"isPartOf\":{\"@id\":\"https:\/\/steelspain.com\/ca\/#website\"},\"datePublished\":\"2025-10-06T15:02:37+00:00\",\"dateModified\":\"2026-01-22T20:43:18+00:00\",\"description\":\"Cases prefabricades d\u00b4acer a Cardedeu amb alta efici\u00e8ncia energ\u00e8tica. Solucions modulars eficients, duradores i personalitzades. Pressupost gratu\u00eft.\",\"breadcrumb\":{\"@id\":\"https:\/\/steelspain.com\/ca\/cases-prefabricades\/barcelona\/cardedeu\/#breadcrumb\"},\"inLanguage\":\"ca\",\"potentialAction\":[{\"@type\":\"ReadAction\",\"target\":[\"https:\/\/steelspain.com\/ca\/cases-prefabricades\/barcelona\/cardedeu\/\"]}]},{\"@type\":\"BreadcrumbList\",\"@id\":\"https:\/\/steelspain.com\/ca\/cases-prefabricades\/barcelona\/cardedeu\/#breadcrumb\",\"itemListElement\":[{\"@type\":\"ListItem\",\"position\":1,\"name\":\"Portada\",\"item\":\"https:\/\/steelspain.com\/ca\/\"},{\"@type\":\"ListItem\",\"position\":2,\"name\":\"Cases prefabricades Cardedeu\"}]},{\"@type\":\"WebSite\",\"@id\":\"https:\/\/steelspain.com\/ca\/#website\",\"url\":\"https:\/\/steelspain.com\/ca\/\",\"name\":\"Steel Spain\",\"description\":\"Construcci\u00f3n steel framing\",\"publisher\":{\"@id\":\"https:\/\/steelspain.com\/ca\/#organization\"},\"alternateName\":\"Steel Framing\",\"potentialAction\":[{\"@type\":\"SearchAction\",\"target\":{\"@type\":\"EntryPoint\",\"urlTemplate\":\"https:\/\/steelspain.com\/ca\/?s={search_term_string}\"},\"query-input\":{\"@type\":\"PropertyValueSpecification\",\"valueRequired\":true,\"valueName\":\"search_term_string\"}}],\"inLanguage\":\"ca\"},{\"@type\":[\"Organization\",\"Place\",\"LocalBusiness\"],\"@id\":\"https:\/\/steelspain.com\/ca\/#organization\",\"name\":\"Steel Spain\",\"alternateName\":\"Steel Framing\",\"url\":\"https:\/\/steelspain.com\/ca\/\",\"logo\":{\"@id\":\"https:\/\/steelspain.com\/ca\/cases-prefabricades\/barcelona\/cardedeu\/#local-main-organization-logo\"},\"image\":{\"@id\":\"https:\/\/steelspain.com\/ca\/cases-prefabricades\/barcelona\/cardedeu\/#local-main-organization-logo\"},\"address\":{\"@id\":\"https:\/\/steelspain.com\/ca\/cases-prefabricades\/barcelona\/cardedeu\/#local-main-place-address\"},\"geo\":{\"@type\":\"GeoCoordinates\",\"latitude\":\"41.40399770\",\"longitude\":\"2.13678240\"},\"telephone\":[\"+34 691 29 99 81\"],\"contactPoint\":{\"@type\":\"ContactPoint\",\"telephone\":\"+34 691 29 99 81\",\"email\":\"info@steelspain.com\"},\"openingHoursSpecification\":{\"@type\":\"OpeningHoursSpecification\",\"dayOfWeek\":[\"Monday\",\"Tuesday\",\"Wednesday\",\"Thursday\",\"Friday\",\"Saturday\",\"Sunday\"],\"opens\":\"00:00\",\"closes\":\"23:59\"},\"email\":\"info@steelspain.com\",\"areaServed\":\"Barcelona\"},{\"@type\":\"PostalAddress\",\"@id\":\"https:\/\/steelspain.com\/ca\/cases-prefabricades\/barcelona\/cardedeu\/#local-main-place-address\",\"streetAddress\":\"C\/ de Muntaner, 506\",\"addressLocality\":\"Barcelona\",\"postalCode\":\"08022\",\"addressRegion\":\"Barcelona\",\"addressCountry\":\"ES\"},{\"@type\":\"ImageObject\",\"inLanguage\":\"ca\",\"@id\":\"https:\/\/steelspain.com\/ca\/cases-prefabricades\/barcelona\/cardedeu\/#local-main-organization-logo\",\"url\":\"https:\/\/steelspain.com\/wp-content\/uploads\/2024\/08\/Logo-Steel-Spain-2.png\",\"contentUrl\":\"https:\/\/steelspain.com\/wp-content\/uploads\/2024\/08\/Logo-Steel-Spain-2.png\",\"width\":546,\"height\":504,\"caption\":\"Steel Spain\"}]}<\/script>\n<meta name=\"geo.placename\" content=\"Barcelona\" \/>\n<meta name=\"geo.position\" content=\"41.40399770;2.13678240\" \/>\n<meta name=\"geo.region\" content=\"Espanya\" \/>\n<!-- \/ Yoast SEO plugin. -->","yoast_head_json":{"title":"Cases Prefabricades Cardedeu | Steel Framing","description":"Cases prefabricades d\u00b4acer a Cardedeu amb alta efici\u00e8ncia energ\u00e8tica. Solucions modulars eficients, duradores i personalitzades. Pressupost gratu\u00eft.","robots":{"index":"index","follow":"follow","max-snippet":"max-snippet:-1","max-image-preview":"max-image-preview:large","max-video-preview":"max-video-preview:-1"},"canonical":"https:\/\/steelspain.com\/ca\/cases-prefabricades\/barcelona\/cardedeu\/","og_locale":"ca_ES","og_type":"article","og_title":"Cases Prefabricades Cardedeu | Steel Framing","og_description":"Cases prefabricades d\u00b4acer a Cardedeu amb alta efici\u00e8ncia energ\u00e8tica. Solucions modulars eficients, duradores i personalitzades. Pressupost gratu\u00eft.","og_url":"https:\/\/steelspain.com\/ca\/cases-prefabricades\/barcelona\/cardedeu\/","og_site_name":"Steel Spain","article_modified_time":"2026-01-22T20:43:18+00:00","og_image":[{"width":1200,"height":904,"url":"https:\/\/steelspain.com\/wp-content\/uploads\/2024\/08\/30842.jpg","type":"image\/jpeg"}],"twitter_card":"summary_large_image","twitter_misc":{"Temps estimat de lectura":"4 minuts"},"schema":{"@context":"https:\/\/schema.org","@graph":[{"@type":"WebPage","@id":"https:\/\/steelspain.com\/ca\/cases-prefabricades\/barcelona\/cardedeu\/","url":"https:\/\/steelspain.com\/ca\/cases-prefabricades\/barcelona\/cardedeu\/","name":"Cases Prefabricades Cardedeu | Steel Framing","isPartOf":{"@id":"https:\/\/steelspain.com\/ca\/#website"},"datePublished":"2025-10-06T15:02:37+00:00","dateModified":"2026-01-22T20:43:18+00:00","description":"Cases prefabricades d\u00b4acer a Cardedeu amb alta efici\u00e8ncia energ\u00e8tica. Solucions modulars eficients, duradores i personalitzades. Pressupost gratu\u00eft.","breadcrumb":{"@id":"https:\/\/steelspain.com\/ca\/cases-prefabricades\/barcelona\/cardedeu\/#breadcrumb"},"inLanguage":"ca","potentialAction":[{"@type":"ReadAction","target":["https:\/\/steelspain.com\/ca\/cases-prefabricades\/barcelona\/cardedeu\/"]}]},{"@type":"BreadcrumbList","@id":"https:\/\/steelspain.com\/ca\/cases-prefabricades\/barcelona\/cardedeu\/#breadcrumb","itemListElement":[{"@type":"ListItem","position":1,"name":"Portada","item":"https:\/\/steelspain.com\/ca\/"},{"@type":"ListItem","position":2,"name":"Cases prefabricades Cardedeu"}]},{"@type":"WebSite","@id":"https:\/\/steelspain.com\/ca\/#website","url":"https:\/\/steelspain.com\/ca\/","name":"Steel Spain","description":"Construcci\u00f3n steel framing","publisher":{"@id":"https:\/\/steelspain.com\/ca\/#organization"},"alternateName":"Steel Framing","potentialAction":[{"@type":"SearchAction","target":{"@type":"EntryPoint","urlTemplate":"https:\/\/steelspain.com\/ca\/?s={search_term_string}"},"query-input":{"@type":"PropertyValueSpecification","valueRequired":true,"valueName":"search_term_string"}}],"inLanguage":"ca"},{"@type":["Organization","Place","LocalBusiness"],"@id":"https:\/\/steelspain.com\/ca\/#organization","name":"Steel Spain","alternateName":"Steel Framing","url":"https:\/\/steelspain.com\/ca\/","logo":{"@id":"https:\/\/steelspain.com\/ca\/cases-prefabricades\/barcelona\/cardedeu\/#local-main-organization-logo"},"image":{"@id":"https:\/\/steelspain.com\/ca\/cases-prefabricades\/barcelona\/cardedeu\/#local-main-organization-logo"},"address":{"@id":"https:\/\/steelspain.com\/ca\/cases-prefabricades\/barcelona\/cardedeu\/#local-main-place-address"},"geo":{"@type":"GeoCoordinates","latitude":"41.40399770","longitude":"2.13678240"},"telephone":["+34 691 29 99 81"],"contactPoint":{"@type":"ContactPoint","telephone":"+34 691 29 99 81","email":"info@steelspain.com"},"openingHoursSpecification":{"@type":"OpeningHoursSpecification","dayOfWeek":["Monday","Tuesday","Wednesday","Thursday","Friday","Saturday","Sunday"],"opens":"00:00","closes":"23:59"},"email":"info@steelspain.com","areaServed":"Barcelona"},{"@type":"PostalAddress","@id":"https:\/\/steelspain.com\/ca\/cases-prefabricades\/barcelona\/cardedeu\/#local-main-place-address","streetAddress":"C\/ de Muntaner, 506","addressLocality":"Barcelona","postalCode":"08022","addressRegion":"Barcelona","addressCountry":"ES"},{"@type":"ImageObject","inLanguage":"ca","@id":"https:\/\/steelspain.com\/ca\/cases-prefabricades\/barcelona\/cardedeu\/#local-main-organization-logo","url":"https:\/\/steelspain.com\/wp-content\/uploads\/2024\/08\/Logo-Steel-Spain-2.png","contentUrl":"https:\/\/steelspain.com\/wp-content\/uploads\/2024\/08\/Logo-Steel-Spain-2.png","width":546,"height":504,"caption":"Steel Spain"}]},"geo.placename":"Barcelona","geo.position":{"lat":"41.40399770","long":"2.13678240"},"geo.region":"Espanya"},"_links":{"self":[{"href":"https:\/\/steelspain.com\/ca\/wp-json\/wp\/v2\/pages\/537","targetHints":{"allow":["GET"]}}],"collection":[{"href":"https:\/\/steelspain.com\/ca\/wp-json\/wp\/v2\/pages"}],"about":[{"href":"https:\/\/steelspain.com\/ca\/wp-json\/wp\/v2\/types\/page"}],"author":[{"embeddable":true,"href":"https:\/\/steelspain.com\/ca\/wp-json\/wp\/v2\/users\/1"}],"replies":[{"embeddable":true,"href":"https:\/\/steelspain.com\/ca\/wp-json\/wp\/v2\/comments?post=537"}],"version-history":[{"count":5,"href":"https:\/\/steelspain.com\/ca\/wp-json\/wp\/v2\/pages\/537\/revisions"}],"predecessor-version":[{"id":665,"href":"https:\/\/steelspain.com\/ca\/wp-json\/wp\/v2\/pages\/537\/revisions\/665"}],"wp:attachment":[{"href":"https:\/\/steelspain.com\/ca\/wp-json\/wp\/v2\/media?parent=537"}],"curies":[{"name":"wp","href":"https:\/\/api.w.org\/{rel}","templated":true}]}}