{"id":561,"date":"2024-08-21T10:03:32","date_gmt":"2024-08-21T10:03:32","guid":{"rendered":"https:\/\/steelspain.com\/cases-prefabricades-mataro\/"},"modified":"2026-01-22T20:42:26","modified_gmt":"2026-01-22T20:42:26","slug":"cases-prefabricades-mataro","status":"publish","type":"page","link":"https:\/\/steelspain.com\/ca\/cases-prefabricades\/barcelona\/mataro\/","title":{"rendered":"Cases prefabricades Matar\u00f3"},"content":{"rendered":"<section class=\"l-section wpb_row us_custom_ae99f6aa has_text_color height_medium full_height valign_center width_custom with_img\" style=\"--site-content-width:850px;\"><div class=\"l-section-img\" role=\"img\" aria-label=\"Cases prefabricades a Matar\u00f3\" data-img-width=\"1200\" data-img-height=\"900\" style=\"background-image: url(https:\/\/steelspain.com\/wp-content\/uploads\/2024\/08\/26285852.jpg);\"><\/div><div class=\"l-section-overlay\" style=\"background:rgba(0,0,0,0.62)\"><\/div><div class=\"l-section-h i-cf\"><div class=\"g-cols vc_row via_grid cols_1 laptops-cols_inherit tablets-cols_inherit mobiles-cols_1 valign_middle type_default stacking_default\"><div class=\"wpb_column vc_column_container us_custom_8f7b07a9 us_animate_this\"><div class=\"vc_column-inner\"><div class=\"wpb_text_column us_custom_6df4bc3a has_text_color\"><div class=\"wpb_wrapper\"><h1 style=\"text-align: center;\"><strong><span style=\"color: #32beeb;\">Cases prefabricades a Matar\u00f3<\/span><\/strong><\/h1>\n<\/div><\/div><div class=\"wpb_text_column us_custom_b530f8eb has_text_color\"><div class=\"wpb_wrapper\"><p style=\"text-align: center;\"><span>Construcci\u00f3 d&#8217;habitatges prefabricats<\/span><\/p>\n<\/div><\/div><div class=\"w-text us_custom_2de48f52 has_text_color icon_atleft\"><span class=\"w-text-h\"><i class=\"material-icons\">check<\/i><span class=\"w-text-value\">Especialistes en acer<\/span><\/span><\/div><div class=\"w-separator size_small\"><\/div><div class=\"wpb_text_column us_custom_6df4bc3a has_text_color\"><div class=\"wpb_wrapper\"><p style=\"text-align: center;\"><span style=\"font-weight: 400;\">Somies amb una <\/span><span style=\"color: #32beeb;\"><b>casa prefabricada a Matar\u00f3<\/b><\/span><span style=\"font-weight: 400;\">? A la nostra empresa estem especialitzats en la construcci\u00f3 d&#8217;habitatges modulars d&#8217;acer. Si vols una construcci\u00f3 r\u00e0pida i sostenible, ets al lloc adequat.<\/span><\/p>\n<\/div><\/div><\/div><\/div><\/div><\/div><\/section><section class=\"l-section wpb_row height_medium\" id=\"section-01\"><div class=\"l-section-h i-cf\"><div class=\"g-cols vc_row via_grid cols_1 laptops-cols_inherit tablets-cols_inherit mobiles-cols_1 valign_top type_default stacking_default\"><div class=\"wpb_column vc_column_container us_custom_de366d1c us_animate_this\"><div class=\"vc_column-inner\"><div class=\"w-hwrapper valign_middle align_center\" style=\"--hwrapper-gap:0.5rem\"><div class=\"w-iconbox iconpos_top style_default color_primary align_center no_text no_title\"><div class=\"w-iconbox-icon\" style=\"font-size:1.5rem;\"><i class=\"fas fa-star\"><\/i><\/div><div class=\"w-iconbox-meta\"><\/div><\/div><div class=\"w-iconbox iconpos_top style_default color_primary align_center no_text no_title\"><div class=\"w-iconbox-icon\" style=\"font-size:1.5rem;\"><i class=\"fas fa-star\"><\/i><\/div><div class=\"w-iconbox-meta\"><\/div><\/div><div class=\"w-iconbox iconpos_top style_default color_primary align_center no_text no_title\"><div class=\"w-iconbox-icon\" style=\"font-size:1.5rem;\"><i class=\"fas fa-star\"><\/i><\/div><div class=\"w-iconbox-meta\"><\/div><\/div><div class=\"w-iconbox iconpos_top style_default color_primary align_center no_text no_title\"><div class=\"w-iconbox-icon\" style=\"font-size:1.5rem;\"><i class=\"fas fa-star\"><\/i><\/div><div class=\"w-iconbox-meta\"><\/div><\/div><div class=\"w-iconbox iconpos_top style_default color_primary align_center no_text no_title\"><div class=\"w-iconbox-icon\" style=\"font-size:1.5rem;\"><i class=\"fas fa-star\"><\/i><\/div><div class=\"w-iconbox-meta\"><\/div><\/div><\/div><div class=\"w-separator size_small\"><\/div><div class=\"w-vwrapper us_custom_db98bc72 align_center valign_top\" style=\"--vwrapper-gap:0rem\"><div class=\"w-text us_custom_0259209c has_text_color\"><span class=\"w-text-h\"><span class=\"w-text-value\">EXPERTS EN PROJECTES<\/span><\/span><\/div><div class=\"w-text us_custom_fc1dc638 has_text_color\"><span class=\"w-text-h\"><span class=\"w-text-value\">DE CASES PREFABRICADES<\/span><\/span><\/div><\/div><div class=\"w-separator size_small\"><\/div><div class=\"wpb_text_column\"><div class=\"wpb_wrapper\"><p style=\"text-align: center;\"><span style=\"font-weight: 400;\">Som <span style=\"color: #32beeb;\"><strong>especialistes en el sistema de construcci\u00f3 steel frame <\/strong><\/span>i anys d&#8217;experi\u00e8ncia avalen la nostra feina. T&#8217;oferim les millors solucions de disseny i sempre amb la m\u00e0xima qualitat, perqu\u00e8 si ens tries pots tenir-ho tot. <\/span><\/p>\n<p style=\"text-align: center;\"><span style=\"font-weight: 400;\">Fem realitat la <span style=\"color: #32beeb;\"><strong>casa prefabricada dels teus somnis a Matar\u00f3<\/strong><\/span>. Un habitatge dels m2 que necessitis, eficient, sostenible i durador. Informa&#8217;t ara mateix sense comprom\u00eds i contacta amb nosaltres perqu\u00e8 puguem ajudar-te. <\/span><\/p>\n<\/div><\/div><div class=\"w-separator size_small with_line width_50 thick_2 style_solid color_border align_center\"><div class=\"w-separator-h\"><\/div><\/div><div class=\"w-separator size_small\"><\/div><div class=\"g-cols wpb_row via_grid cols_4 laptops-cols_inherit tablets-cols_inherit mobiles-cols_1 valign_top type_default\" style=\"--columns-gap:6vh;\"><div class=\"wpb_column vc_column_container\"><div class=\"vc_column-inner\"><div class=\"w-iconbox us_custom_b711f4da iconpos_top style_default color_primary align_center no_text\"><div class=\"w-iconbox-icon\" style=\"font-size:3rem;\"><i class=\"fas fa-thermometer-half\"><\/i><\/div><div class=\"w-iconbox-meta\"><div class=\"w-iconbox-title\"><strong>Instal\u00b7laci\u00f3 eficient<\/strong><\/div><\/div><\/div><\/div><\/div><div class=\"wpb_column vc_column_container\"><div class=\"vc_column-inner\"><div class=\"w-iconbox us_custom_4af52cd7 iconpos_top style_default color_primary align_center no_text\"><div class=\"w-iconbox-icon\" style=\"font-size:3rem;\"><i class=\"material-icons\">design_services<\/i><\/div><div class=\"w-iconbox-meta\"><div class=\"w-iconbox-title\"><strong>Flexibilitat de disseny<\/strong><\/div><\/div><\/div><\/div><\/div><div class=\"wpb_column vc_column_container\"><div class=\"vc_column-inner\"><div class=\"w-iconbox us_custom_4af52cd7 iconpos_top style_default color_primary align_center no_text\"><div class=\"w-iconbox-icon\" style=\"font-size:3rem;\"><i class=\"fas fa-calendar-check\"><\/i><\/div><div class=\"w-iconbox-meta\"><div class=\"w-iconbox-title\"><strong>Rapidesa de construcci\u00f3<\/strong><\/div><\/div><\/div><\/div><\/div><div class=\"wpb_column vc_column_container\"><div class=\"vc_column-inner\"><div class=\"w-iconbox us_custom_4af52cd7 iconpos_top style_default color_primary align_center no_text\"><div class=\"w-iconbox-icon\" style=\"font-size:3rem;\"><i class=\"material-icons\">euro<\/i><\/div><div class=\"w-iconbox-meta\"><div class=\"w-iconbox-title\"><strong>Estalvi d&#8217;energia<\/strong><\/div><\/div><\/div><\/div><\/div><\/div><\/div><\/div><\/div><\/div><\/section><section class=\"l-section wpb_row height_huge width_custom color_primary with_img\" style=\"--site-content-width:880px;\"><div class=\"l-section-img\" role=\"img\" aria-label=\"Cases prefabricades a Matar\u00f3\" data-img-width=\"1200\" data-img-height=\"877\" style=\"background-image: url(https:\/\/steelspain.com\/wp-content\/uploads\/2024\/08\/5282.jpg);\"><\/div><div class=\"l-section-overlay\" style=\"background:linear-gradient(180deg,rgba(0,0,0,0.2),rgba(0,0,0,0.90))\"><\/div><div class=\"l-section-h i-cf\"><div class=\"g-cols vc_row via_grid cols_1 laptops-cols_inherit tablets-cols_inherit mobiles-cols_1 valign_top type_default stacking_default\"><div class=\"wpb_column vc_column_container us_custom_8f7b07a9 us_animate_this\"><div class=\"vc_column-inner\"><div class=\"wpb_text_column us_custom_1efd1c53\"><div class=\"wpb_wrapper\"><p style=\"text-align: center;\"><strong><span style=\"color: #32beeb;\">Necessites informaci\u00f3<\/span> o un pressupost per al teu projecte?<\/strong><\/p>\n<\/div><\/div><div class=\"w-separator size_small\"><\/div><div class=\"wpb_text_column\"><div class=\"wpb_wrapper\"><p style=\"text-align: center;\"><span style=\"font-weight: 400;\">Si t&#8217;interessa una <span style=\"color: #32beeb;\"><strong>casa prefabricada a Matar\u00f3<\/strong><\/span>, no dubtis a posar-te en contacte amb nosaltres perqu\u00e8 puguem ajudar-te. Gaudeix de la teva casa modular d&#8217;acer a Matar\u00f3 amb la millor relaci\u00f3 qualitat-preu. <\/span><\/p>\n<\/div><\/div><div class=\"w-separator size_medium\"><\/div><div class=\"w-btn-wrapper align_center\"><a class=\"w-btn us-btn-style_1 icon_atright\" href=\"https:\/\/steelspain.com\/ca\/contacte\/\"><span class=\"w-btn-label\">Informa&#8217;t<\/span><i class=\"fas fa-arrow-right\"><\/i><\/a><\/div><\/div><\/div><\/div><\/div><\/section><section class=\"l-section wpb_row us_custom_de366d1c us_animate_this height_medium\" id=\"about\"><div class=\"l-section-h i-cf\"><div class=\"g-cols vc_row via_grid cols_1-2 laptops-cols_inherit tablets-cols_1 mobiles-cols_1 valign_top type_default stacking_default\" style=\"--columns-gap:8vh;\"><div class=\"wpb_column vc_column_container us_custom_8341c733 has_bg_color\"><div class=\"vc_column-inner\"><\/div><\/div><div class=\"wpb_column vc_column_container\"><div class=\"vc_column-inner\"><div class=\"w-separator size_small\"><\/div><div class=\"wpb_text_column\"><div class=\"wpb_wrapper\"><h2><strong>Cases d&#8217;acer<span style=\"color: #32beeb;\"> a Matar\u00f3<\/span><\/strong><\/h2>\n<p><span style=\"font-weight: 400;\">Matar\u00f3 \u00e9s un lloc meravell\u00f3s per gaudir d&#8217;una <span style=\"color: #32beeb;\"><strong>casa prefabricada <\/strong><\/span>i de totes les comoditats i avantatges que ofereix aquest tipus de construcci\u00f3.<\/span><\/p>\n<p><span style=\"font-weight: 400;\">Sota el segell de <span style=\"color: #32beeb;\"><strong>steel frame<\/strong><\/span>, a la nostra constructora treballem amb molta cura i professionalitat per oferir-te construccions de qualitat amb la millor relaci\u00f3 qualitat-preu del mercat. <\/span><\/p>\n<p><span style=\"font-weight: 400;\">La nostra prioritat sempre \u00e9s el client, la nostra prioritat ets tu. Posem a la teva disposici\u00f3 les millors opcions de <span style=\"color: #32beeb;\"><strong>cases prefabricades <\/strong><\/span>perqu\u00e8 puguis construir un <span style=\"color: #32beeb;\"><strong>habitatge modular a mida <\/strong><\/span>per a tu, dels m2 que necessitis, nombre d&#8217;habitacions i de banys. Tot aix\u00f2 amb tot el potencial que ofereix l&#8217;acer. <\/span><\/p>\n<p><span style=\"font-weight: 400;\">L&#8217;acer \u00e9s un dels materials l\u00edders en la construcci\u00f3 actualment. Nosaltres apostem per l&#8217; <span style=\"color: #32beeb;\"><strong>steel frame <\/strong><\/span>en les nostres <span style=\"color: #32beeb;\"><strong>cases modulars <\/strong><\/span>i el resultat no podria ser millor. Habitatges de qualitat, vers\u00e0tils, resistents i de disseny. Perqu\u00e8 s\u00ed, es pot tenir tot i amb nosaltres pots tenir-ho tot. <\/span><\/p>\n<p><span style=\"color: #32beeb;\"><strong>Per qu\u00e8 una casa prefabricada d&#8217;acer?<\/strong><\/span><\/p>\n<ul>\n<li style=\"font-weight: 400;\" aria-level=\"1\"><span style=\"font-weight: 400;\">Les\u00a0<span style=\"color: #32beeb;\"><strong>cases modulars d&#8217;acer<\/strong><br \/>\n<\/span> destaquen per la seva gran resist\u00e8ncia i durabilitat. Fins i tot protegeixen de t\u00e8rmits, corrosi\u00f3 i humitat, entre d&#8217;altres. <\/span><\/li>\n<li style=\"font-weight: 400;\" aria-level=\"1\"><span style=\"font-weight: 400;\">El transport \u00e9s \u00e0gil i r\u00e0pid respecte al d&#8217;altres materials.<\/span><\/li>\n<li style=\"font-weight: 400;\" aria-level=\"1\"><span style=\"font-weight: 400;\">La quantitat de residus \u00e9s m\u00ednima, la qual cosa \u00e9s bo per al planeta.<\/span><\/li>\n<li style=\"font-weight: 400;\" aria-level=\"1\"><span style=\"font-weight: 400;\">\u00c9s una soluci\u00f3 sostenible i eficient, que ofereix un gran a\u00efllament t\u00e8rmic i ac\u00fastic.<\/span><\/li>\n<li style=\"font-weight: 400;\" aria-level=\"1\"><span style=\"font-weight: 400;\">\u00c9s una soluci\u00f3 flexible que pots adaptar completament a tu.<\/span><\/li>\n<\/ul>\n<\/div><\/div><\/div><\/div><\/div><\/div><\/section><section class=\"l-section wpb_row height_huge width_custom color_secondary with_img\" style=\"--site-content-width:900px;\"><div class=\"l-section-img\" role=\"img\" aria-label=\"Cases prefabricades a Matar\u00f3\" data-img-width=\"1200\" data-img-height=\"801\" style=\"background-image: url(https:\/\/steelspain.com\/wp-content\/uploads\/2024\/08\/8309.jpg);\"><\/div><div class=\"l-section-overlay\" style=\"background:rgba(0,0,0,0.65)\"><\/div><div class=\"l-section-h i-cf\"><div class=\"g-cols vc_row via_grid cols_1 laptops-cols_inherit tablets-cols_inherit mobiles-cols_1 valign_top type_default stacking_default\"><div class=\"wpb_column vc_column_container us_custom_8f7b07a9 us_animate_this\"><div class=\"vc_column-inner\"><div class=\"wpb_text_column\"><div class=\"wpb_wrapper\"><h2><strong>Cases modulars <span style=\"color: #32beeb;\">a Matar\u00f3<\/span><\/strong><\/h2>\n<p><span style=\"font-weight: 400;\">Les <span style=\"color: #32beeb;\"><strong>cases prefabricades d&#8217;acer a Matar\u00f3 <\/strong><\/span>s\u00f3n pr\u00e0ctiques i et permeten tenir una construcci\u00f3 eficient i de cinc estrelles. Una construcci\u00f3 del segle XXI, perqu\u00e8 gaudeixis d&#8217;anys sense preocupacions i sense gaireb\u00e9 fer manteniment. <\/span><\/p>\n<p><span style=\"font-weight: 400;\">\u00c9s una soluci\u00f3 flexible i modulable que pots adaptar completament a tu i al teu projecte de vida, perqu\u00e8 tu i la teva fam\u00edlia visqueu c\u00f2modes.<\/span><\/p>\n<p><span style=\"color: #32beeb;\"><strong>Els avantatges de l&#8217;steel frame s\u00f3n nombrosos:<\/strong><\/span><\/p>\n<ul>\n<li style=\"font-weight: 400;\" aria-level=\"1\"><span style=\"font-weight: 400;\">Protecci\u00f3 i durabilitat.<\/span><\/li>\n<li style=\"font-weight: 400;\" aria-level=\"1\"><span style=\"font-weight: 400;\">Residus m\u00ednims.<\/span><\/li>\n<li style=\"font-weight: 400;\" aria-level=\"1\"><span style=\"font-weight: 400;\">Gran a\u00efllament t\u00e8rmic i ac\u00fastic.<\/span><\/li>\n<li style=\"font-weight: 400;\" aria-level=\"1\"><span style=\"font-weight: 400;\">Possibilitats de disseny.<\/span><\/li>\n<li style=\"font-weight: 400;\" aria-level=\"1\"><span style=\"font-weight: 400;\">Sostenibilitat i cura del planeta.<\/span><\/li>\n<\/ul>\n<p><span style=\"font-weight: 400;\">Una excel\u00b7lent inversi\u00f3 amb l&#8217;acer com a protagonista, un <strong>metall reciclable<\/strong> que est\u00e0 donant molt de qu\u00e8 parlar i que molts ja defineixen com el sistema de construcci\u00f3 del segle XXI, l&#8217;steel frame.<\/span><\/p>\n<p><span style=\"font-weight: 400;\">A la nostra empresa constructora estem\u00a0<span style=\"color: #32beeb;\"><strong>especialitzats en l&#8217;steel framing a Matar\u00f3<\/strong><\/span>. Si t&#8217;interessen aquest tipus de solucions modulars tria sempre una empresa especialitzada perqu\u00e8 t&#8217;acompanyi al llarg de tota la vida del projecte, des del primer contacte fins a la seva execuci\u00f3. <\/span><\/p>\n<\/div><\/div><\/div><\/div><\/div><\/div><\/section><section class=\"l-section wpb_row height_medium\"><div class=\"l-section-h i-cf\"><div class=\"g-cols vc_row via_grid cols_2 laptops-cols_inherit tablets-cols_inherit mobiles-cols_1 valign_middle type_default stacking_default\" style=\"--columns-gap:0rem;\"><div class=\"wpb_column vc_column_container us_custom_db3263f9 us_animate_this has_bg_color\"><div class=\"vc_column-inner\"><div class=\"wpb_text_column\"><div class=\"wpb_wrapper\"><h3><strong>Sol\u00b7licita pressupost per a <span style=\"color: #32beeb;\">la teva casa prefabricada a Matar\u00f3<\/span><\/strong><\/h3>\n<p><span style=\"font-weight: 400;\">Som conscients que una casa prefabricada d&#8217;acer no s&#8217;instal\u00b7la cada dia. \u00c9s una inversi\u00f3 important i segur que vols treballar amb els millors professionals i estar en les millors mans. Si \u00e9s aix\u00ed, ets al lloc correcte. <\/span><\/p>\n<p><strong>Per qu\u00e8 nosaltres? <\/strong><\/p>\n<ul>\n<li style=\"font-weight: 400;\" aria-level=\"1\"><span style=\"font-weight: 400;\">Els nostres anys d&#8217;experi\u00e8ncia avalen la nostra feina.<\/span><\/li>\n<li style=\"font-weight: 400;\" aria-level=\"1\"><span style=\"font-weight: 400;\">Som experts en el sistema de construcci\u00f3 d&#8217;steel frame a Matar\u00f3.<\/span><\/li>\n<li style=\"font-weight: 400;\" aria-level=\"1\"><span style=\"font-weight: 400;\">T&#8217;acompanyem en totes les fases del projecte, sempre amb transpar\u00e8ncia.<\/span><\/li>\n<li style=\"font-weight: 400;\" aria-level=\"1\"><span style=\"font-weight: 400;\">Les nostres solucions modulars tenen la m\u00e0xima qualitat. <\/span><\/li>\n<\/ul>\n<\/div><\/div><\/div><\/div><div class=\"wpb_column vc_column_container\"><div class=\"vc_column-inner\"><div class=\"w-image us_custom_de366d1c us_animate_this has_ratio align_none\"><div class=\"w-image-h\"><div style=\"padding-bottom:150%\"><\/div><img decoding=\"async\" width=\"1024\" height=\"683\" src=\"https:\/\/steelspain.com\/wp-content\/uploads\/2024\/08\/2148456310-1024x683.jpg\" class=\"attachment-large size-large\" alt=\"Casas prefabricadas en Matar\u00f3\" loading=\"lazy\" \/><\/div><\/div><\/div><\/div><\/div><\/div><\/section><section class=\"l-section wpb_row us_custom_c70c97eb height_medium\"><div class=\"l-section-h i-cf\"><div class=\"g-cols vc_row via_grid cols_1 laptops-cols_inherit tablets-cols_inherit mobiles-cols_1 valign_middle type_default stacking_default\"><div class=\"wpb_column vc_column_container us_custom_5dd34eb7 us_animate_this\"><div class=\"vc_column-inner\"><div class=\"wpb_text_column us_custom_1efd1c53\"><div class=\"wpb_wrapper\"><p style=\"text-align: center;\">Necessites els nostres serveis?<br \/>\n<strong><span style=\"color: var(--color-content-link);\">Parlem<\/span> I T&#8217;Ajudarem Amb El Teu Projecte<\/strong><\/p>\n<\/div><\/div><div class=\"wpb_text_column us_custom_eb849559\"><div class=\"wpb_wrapper\"><p>Contacta amb el nostre equip de professionals, sense cap tipus de comprom\u00eds.<\/p>\n<\/div><\/div><div class=\"w-separator size_small\"><\/div><div class=\"w-btn-wrapper align_center\"><a class=\"w-btn us-btn-style_1\" href=\"https:\/\/steelspain.com\/ca\/contacte\/\"><span class=\"w-btn-label\">Contacta&#8217;ns<\/span><\/a><\/div><div class=\"w-separator size_medium\"><\/div><\/div><\/div><\/div><\/div><\/section>\n","protected":false},"excerpt":{"rendered":"Cases prefabricades a Matar\u00f3 Construcci\u00f3 d&#8217;habitatges prefabricats checkEspecialistes en acerSomies amb una casa prefabricada a Matar\u00f3? A la nostra empresa estem especialitzats en la construcci\u00f3 d&#8217;habitatges modulars d&#8217;acer. Si vols una construcci\u00f3 r\u00e0pida i sostenible, ets al lloc adequat. EXPERTS EN PROJECTESDE CASES PREFABRICADESSom especialistes en el sistema de construcci\u00f3 steel frame i anys d&#8217;experi\u00e8ncia...","protected":false},"author":1,"featured_media":0,"parent":0,"menu_order":0,"comment_status":"closed","ping_status":"closed","template":"","meta":{"_joinchat":[],"footnotes":""},"class_list":["post-561","page","type-page","status-publish","hentry"],"yoast_head":"<!-- This site is optimized with the Yoast SEO plugin v26.8 - https:\/\/yoast.com\/product\/yoast-seo-wordpress\/ -->\n<title>Cases Prefabricades Matar\u00f3 | Steel Framing<\/title>\n<meta name=\"description\" content=\"Cases prefabricades d\u00b4acer a Matar\u00f3 amb alta efici\u00e8ncia energ\u00e8tica. Solucions modulars eficients, duradores i personalitzades. Pressupost gratu\u00eft.\" \/>\n<meta name=\"robots\" content=\"index, follow, max-snippet:-1, max-image-preview:large, max-video-preview:-1\" \/>\n<link rel=\"canonical\" href=\"https:\/\/steelspain.com\/ca\/cases-prefabricades\/barcelona\/mataro\/\" \/>\n<meta property=\"og:locale\" content=\"ca_ES\" \/>\n<meta property=\"og:type\" content=\"article\" \/>\n<meta property=\"og:title\" content=\"Cases Prefabricades Matar\u00f3 | Steel Framing\" \/>\n<meta property=\"og:description\" content=\"Cases prefabricades d\u00b4acer a Matar\u00f3 amb alta efici\u00e8ncia energ\u00e8tica. Solucions modulars eficients, duradores i personalitzades. Pressupost gratu\u00eft.\" \/>\n<meta property=\"og:url\" content=\"https:\/\/steelspain.com\/ca\/cases-prefabricades\/barcelona\/mataro\/\" \/>\n<meta property=\"og:site_name\" content=\"Steel Spain\" \/>\n<meta property=\"article:modified_time\" content=\"2026-01-22T20:42:26+00:00\" \/>\n<meta property=\"og:image\" content=\"https:\/\/steelspain.com\/wp-content\/uploads\/2024\/08\/30842.jpg\" \/>\n\t<meta property=\"og:image:width\" content=\"1200\" \/>\n\t<meta property=\"og:image:height\" content=\"904\" \/>\n\t<meta property=\"og:image:type\" content=\"image\/jpeg\" \/>\n<meta name=\"twitter:card\" content=\"summary_large_image\" \/>\n<meta name=\"twitter:label1\" content=\"Temps estimat de lectura\" \/>\n\t<meta name=\"twitter:data1\" content=\"4 minuts\" \/>\n<script type=\"application\/ld+json\" class=\"yoast-schema-graph\">{\"@context\":\"https:\/\/schema.org\",\"@graph\":[{\"@type\":\"WebPage\",\"@id\":\"https:\/\/steelspain.com\/ca\/cases-prefabricades\/barcelona\/mataro\/\",\"url\":\"https:\/\/steelspain.com\/ca\/cases-prefabricades\/barcelona\/mataro\/\",\"name\":\"Cases Prefabricades Matar\u00f3 | Steel Framing\",\"isPartOf\":{\"@id\":\"https:\/\/steelspain.com\/ca\/#website\"},\"datePublished\":\"2024-08-21T10:03:32+00:00\",\"dateModified\":\"2026-01-22T20:42:26+00:00\",\"description\":\"Cases prefabricades d\u00b4acer a Matar\u00f3 amb alta efici\u00e8ncia energ\u00e8tica. Solucions modulars eficients, duradores i personalitzades. Pressupost gratu\u00eft.\",\"breadcrumb\":{\"@id\":\"https:\/\/steelspain.com\/ca\/cases-prefabricades\/barcelona\/mataro\/#breadcrumb\"},\"inLanguage\":\"ca\",\"potentialAction\":[{\"@type\":\"ReadAction\",\"target\":[\"https:\/\/steelspain.com\/ca\/cases-prefabricades\/barcelona\/mataro\/\"]}]},{\"@type\":\"BreadcrumbList\",\"@id\":\"https:\/\/steelspain.com\/ca\/cases-prefabricades\/barcelona\/mataro\/#breadcrumb\",\"itemListElement\":[{\"@type\":\"ListItem\",\"position\":1,\"name\":\"Portada\",\"item\":\"https:\/\/steelspain.com\/ca\/\"},{\"@type\":\"ListItem\",\"position\":2,\"name\":\"Cases prefabricades Matar\u00f3\"}]},{\"@type\":\"WebSite\",\"@id\":\"https:\/\/steelspain.com\/ca\/#website\",\"url\":\"https:\/\/steelspain.com\/ca\/\",\"name\":\"Steel Spain\",\"description\":\"Construcci\u00f3n steel framing\",\"publisher\":{\"@id\":\"https:\/\/steelspain.com\/ca\/#organization\"},\"alternateName\":\"Steel Framing\",\"potentialAction\":[{\"@type\":\"SearchAction\",\"target\":{\"@type\":\"EntryPoint\",\"urlTemplate\":\"https:\/\/steelspain.com\/ca\/?s={search_term_string}\"},\"query-input\":{\"@type\":\"PropertyValueSpecification\",\"valueRequired\":true,\"valueName\":\"search_term_string\"}}],\"inLanguage\":\"ca\"},{\"@type\":[\"Organization\",\"Place\",\"LocalBusiness\"],\"@id\":\"https:\/\/steelspain.com\/ca\/#organization\",\"name\":\"Steel Spain\",\"alternateName\":\"Steel Framing\",\"url\":\"https:\/\/steelspain.com\/ca\/\",\"logo\":{\"@id\":\"https:\/\/steelspain.com\/ca\/cases-prefabricades\/barcelona\/mataro\/#local-main-organization-logo\"},\"image\":{\"@id\":\"https:\/\/steelspain.com\/ca\/cases-prefabricades\/barcelona\/mataro\/#local-main-organization-logo\"},\"address\":{\"@id\":\"https:\/\/steelspain.com\/ca\/cases-prefabricades\/barcelona\/mataro\/#local-main-place-address\"},\"geo\":{\"@type\":\"GeoCoordinates\",\"latitude\":\"41.40399770\",\"longitude\":\"2.13678240\"},\"telephone\":[\"+34 691 29 99 81\"],\"contactPoint\":{\"@type\":\"ContactPoint\",\"telephone\":\"+34 691 29 99 81\",\"email\":\"info@steelspain.com\"},\"openingHoursSpecification\":{\"@type\":\"OpeningHoursSpecification\",\"dayOfWeek\":[\"Monday\",\"Tuesday\",\"Wednesday\",\"Thursday\",\"Friday\",\"Saturday\",\"Sunday\"],\"opens\":\"00:00\",\"closes\":\"23:59\"},\"email\":\"info@steelspain.com\",\"areaServed\":\"Barcelona\"},{\"@type\":\"PostalAddress\",\"@id\":\"https:\/\/steelspain.com\/ca\/cases-prefabricades\/barcelona\/mataro\/#local-main-place-address\",\"streetAddress\":\"C\/ de Muntaner, 506\",\"addressLocality\":\"Barcelona\",\"postalCode\":\"08022\",\"addressRegion\":\"Barcelona\",\"addressCountry\":\"ES\"},{\"@type\":\"ImageObject\",\"inLanguage\":\"ca\",\"@id\":\"https:\/\/steelspain.com\/ca\/cases-prefabricades\/barcelona\/mataro\/#local-main-organization-logo\",\"url\":\"https:\/\/steelspain.com\/wp-content\/uploads\/2024\/08\/Logo-Steel-Spain-2.png\",\"contentUrl\":\"https:\/\/steelspain.com\/wp-content\/uploads\/2024\/08\/Logo-Steel-Spain-2.png\",\"width\":546,\"height\":504,\"caption\":\"Steel Spain\"}]}<\/script>\n<meta name=\"geo.placename\" content=\"Barcelona\" \/>\n<meta name=\"geo.position\" content=\"41.40399770;2.13678240\" \/>\n<meta name=\"geo.region\" content=\"Espanya\" \/>\n<!-- \/ Yoast SEO plugin. -->","yoast_head_json":{"title":"Cases Prefabricades Matar\u00f3 | Steel Framing","description":"Cases prefabricades d\u00b4acer a Matar\u00f3 amb alta efici\u00e8ncia energ\u00e8tica. Solucions modulars eficients, duradores i personalitzades. Pressupost gratu\u00eft.","robots":{"index":"index","follow":"follow","max-snippet":"max-snippet:-1","max-image-preview":"max-image-preview:large","max-video-preview":"max-video-preview:-1"},"canonical":"https:\/\/steelspain.com\/ca\/cases-prefabricades\/barcelona\/mataro\/","og_locale":"ca_ES","og_type":"article","og_title":"Cases Prefabricades Matar\u00f3 | Steel Framing","og_description":"Cases prefabricades d\u00b4acer a Matar\u00f3 amb alta efici\u00e8ncia energ\u00e8tica. Solucions modulars eficients, duradores i personalitzades. Pressupost gratu\u00eft.","og_url":"https:\/\/steelspain.com\/ca\/cases-prefabricades\/barcelona\/mataro\/","og_site_name":"Steel Spain","article_modified_time":"2026-01-22T20:42:26+00:00","og_image":[{"width":1200,"height":904,"url":"https:\/\/steelspain.com\/wp-content\/uploads\/2024\/08\/30842.jpg","type":"image\/jpeg"}],"twitter_card":"summary_large_image","twitter_misc":{"Temps estimat de lectura":"4 minuts"},"schema":{"@context":"https:\/\/schema.org","@graph":[{"@type":"WebPage","@id":"https:\/\/steelspain.com\/ca\/cases-prefabricades\/barcelona\/mataro\/","url":"https:\/\/steelspain.com\/ca\/cases-prefabricades\/barcelona\/mataro\/","name":"Cases Prefabricades Matar\u00f3 | Steel Framing","isPartOf":{"@id":"https:\/\/steelspain.com\/ca\/#website"},"datePublished":"2024-08-21T10:03:32+00:00","dateModified":"2026-01-22T20:42:26+00:00","description":"Cases prefabricades d\u00b4acer a Matar\u00f3 amb alta efici\u00e8ncia energ\u00e8tica. Solucions modulars eficients, duradores i personalitzades. Pressupost gratu\u00eft.","breadcrumb":{"@id":"https:\/\/steelspain.com\/ca\/cases-prefabricades\/barcelona\/mataro\/#breadcrumb"},"inLanguage":"ca","potentialAction":[{"@type":"ReadAction","target":["https:\/\/steelspain.com\/ca\/cases-prefabricades\/barcelona\/mataro\/"]}]},{"@type":"BreadcrumbList","@id":"https:\/\/steelspain.com\/ca\/cases-prefabricades\/barcelona\/mataro\/#breadcrumb","itemListElement":[{"@type":"ListItem","position":1,"name":"Portada","item":"https:\/\/steelspain.com\/ca\/"},{"@type":"ListItem","position":2,"name":"Cases prefabricades Matar\u00f3"}]},{"@type":"WebSite","@id":"https:\/\/steelspain.com\/ca\/#website","url":"https:\/\/steelspain.com\/ca\/","name":"Steel Spain","description":"Construcci\u00f3n steel framing","publisher":{"@id":"https:\/\/steelspain.com\/ca\/#organization"},"alternateName":"Steel Framing","potentialAction":[{"@type":"SearchAction","target":{"@type":"EntryPoint","urlTemplate":"https:\/\/steelspain.com\/ca\/?s={search_term_string}"},"query-input":{"@type":"PropertyValueSpecification","valueRequired":true,"valueName":"search_term_string"}}],"inLanguage":"ca"},{"@type":["Organization","Place","LocalBusiness"],"@id":"https:\/\/steelspain.com\/ca\/#organization","name":"Steel Spain","alternateName":"Steel Framing","url":"https:\/\/steelspain.com\/ca\/","logo":{"@id":"https:\/\/steelspain.com\/ca\/cases-prefabricades\/barcelona\/mataro\/#local-main-organization-logo"},"image":{"@id":"https:\/\/steelspain.com\/ca\/cases-prefabricades\/barcelona\/mataro\/#local-main-organization-logo"},"address":{"@id":"https:\/\/steelspain.com\/ca\/cases-prefabricades\/barcelona\/mataro\/#local-main-place-address"},"geo":{"@type":"GeoCoordinates","latitude":"41.40399770","longitude":"2.13678240"},"telephone":["+34 691 29 99 81"],"contactPoint":{"@type":"ContactPoint","telephone":"+34 691 29 99 81","email":"info@steelspain.com"},"openingHoursSpecification":{"@type":"OpeningHoursSpecification","dayOfWeek":["Monday","Tuesday","Wednesday","Thursday","Friday","Saturday","Sunday"],"opens":"00:00","closes":"23:59"},"email":"info@steelspain.com","areaServed":"Barcelona"},{"@type":"PostalAddress","@id":"https:\/\/steelspain.com\/ca\/cases-prefabricades\/barcelona\/mataro\/#local-main-place-address","streetAddress":"C\/ de Muntaner, 506","addressLocality":"Barcelona","postalCode":"08022","addressRegion":"Barcelona","addressCountry":"ES"},{"@type":"ImageObject","inLanguage":"ca","@id":"https:\/\/steelspain.com\/ca\/cases-prefabricades\/barcelona\/mataro\/#local-main-organization-logo","url":"https:\/\/steelspain.com\/wp-content\/uploads\/2024\/08\/Logo-Steel-Spain-2.png","contentUrl":"https:\/\/steelspain.com\/wp-content\/uploads\/2024\/08\/Logo-Steel-Spain-2.png","width":546,"height":504,"caption":"Steel Spain"}]},"geo.placename":"Barcelona","geo.position":{"lat":"41.40399770","long":"2.13678240"},"geo.region":"Espanya"},"_links":{"self":[{"href":"https:\/\/steelspain.com\/ca\/wp-json\/wp\/v2\/pages\/561","targetHints":{"allow":["GET"]}}],"collection":[{"href":"https:\/\/steelspain.com\/ca\/wp-json\/wp\/v2\/pages"}],"about":[{"href":"https:\/\/steelspain.com\/ca\/wp-json\/wp\/v2\/types\/page"}],"author":[{"embeddable":true,"href":"https:\/\/steelspain.com\/ca\/wp-json\/wp\/v2\/users\/1"}],"replies":[{"embeddable":true,"href":"https:\/\/steelspain.com\/ca\/wp-json\/wp\/v2\/comments?post=561"}],"version-history":[{"count":5,"href":"https:\/\/steelspain.com\/ca\/wp-json\/wp\/v2\/pages\/561\/revisions"}],"predecessor-version":[{"id":659,"href":"https:\/\/steelspain.com\/ca\/wp-json\/wp\/v2\/pages\/561\/revisions\/659"}],"wp:attachment":[{"href":"https:\/\/steelspain.com\/ca\/wp-json\/wp\/v2\/media?parent=561"}],"curies":[{"name":"wp","href":"https:\/\/api.w.org\/{rel}","templated":true}]}}